{"id":239,"date":"2022-03-24T17:25:51","date_gmt":"2022-03-24T16:25:51","guid":{"rendered":"https:\/\/staerk-bikes.nl\/?page_id=239"},"modified":"2026-08-04T11:10:58","modified_gmt":"2026-08-04T09:10:58","slug":"accessoires","status":"publish","type":"page","link":"https:\/\/staerk-bikes.nl\/de\/accessoires\/","title":{"rendered":"Zubeh\u00f6r &amp; Ausstattung"},"content":{"rendered":"<p class=\"has-text-align-left wp-block-paragraph\">Um Ihr Erlebnis mit Ihrem ST\u00c6RK Tandem zu verst\u00e4rken, bieten wir die folgendes Zubeh\u00f6r an.<\/p>\n\n\n\n<div style=\"height:24px\" aria-hidden=\"true\" class=\"wp-block-spacer\"><\/div>\n\n\n\n<div class=\"wp-block-media-text alignwide is-stacked-on-mobile\"><figure class=\"wp-block-media-text__media\"><img data-recalc-dims=\"1\" loading=\"lazy\" decoding=\"async\" width=\"580\" height=\"435\" data-attachment-id=\"242\" data-permalink=\"https:\/\/staerk-bikes.nl\/de\/pro-user-diamant-rek-aangepast-voor-tandem\/\" data-orig-file=\"https:\/\/i0.wp.com\/staerk-bikes.nl\/wp-content\/uploads\/2022\/03\/pro-user-diamant-rek-aangepast-voor-tandem.jpg?fit=2000%2C1500&amp;ssl=1\" data-orig-size=\"2000,1500\" data-comments-opened=\"0\" data-image-meta=\"{&quot;aperture&quot;:&quot;0&quot;,&quot;credit&quot;:&quot;&quot;,&quot;camera&quot;:&quot;&quot;,&quot;caption&quot;:&quot;&quot;,&quot;created_timestamp&quot;:&quot;0&quot;,&quot;copyright&quot;:&quot;&quot;,&quot;focal_length&quot;:&quot;0&quot;,&quot;iso&quot;:&quot;0&quot;,&quot;shutter_speed&quot;:&quot;0&quot;,&quot;title&quot;:&quot;&quot;,&quot;orientation&quot;:&quot;0&quot;}\" data-image-title=\"pro-user-diamant-rek-aangepast-voor-tandem\" data-image-description=\"\" data-image-caption=\"\" data-large-file=\"https:\/\/i0.wp.com\/staerk-bikes.nl\/wp-content\/uploads\/2022\/03\/pro-user-diamant-rek-aangepast-voor-tandem.jpg?fit=580%2C435&amp;ssl=1\" src=\"https:\/\/i0.wp.com\/staerk-bikes.nl\/wp-content\/uploads\/2022\/03\/pro-user-diamant-rek-aangepast-voor-tandem.jpg?resize=580%2C435&#038;ssl=1\" alt=\"\" class=\"wp-image-242 size-full\"\/><\/figure><div class=\"wp-block-media-text__content\">\n<h2 class=\"wp-block-heading has-text-align-left\" id=\"elektrisch\">Pro-User Diamant Fahrradtr\u00e4ger, speziell f\u00fcr Tandems angepasst<\/h2>\n\n\n\n<p class=\"wp-block-paragraph\"><em>\u20ac479,00<\/em><\/p>\n\n\n\n<p class=\"has-text-align-left wp-block-paragraph\" style=\"font-size:16px\">Der Pro-User Diamant ist der ideale faltbare Fahrradtr\u00e4ger, auf den das faltbare Tandem von ST\u00c6RK perfekt passt. Der Tr\u00e4ger wird speziell f\u00fcr das Tandem angepasst geliefert, m\u00f6glicherweise m\u00fcssen Sie die Rillen leicht verschieben.<\/p>\n\n\n\n<div class=\"wp-block-buttons is-layout-flex wp-block-buttons-is-layout-flex\">\n<div class=\"wp-block-button\"><a class=\"wp-block-button__link wp-element-button\" href=\"https:\/\/staerk-bikes.nl\/de\/2022\/03\/30\/pro-user-diamant-rek\/\">Zus\u00e4tzliche Informationen<\/a><\/div>\n<\/div>\n<\/div><\/div>\n\n\n\n<div class=\"wp-block-media-text alignwide is-stacked-on-mobile\"><figure class=\"wp-block-media-text__media\"><img data-recalc-dims=\"1\" loading=\"lazy\" decoding=\"async\" width=\"580\" height=\"429\" data-attachment-id=\"331\" data-permalink=\"https:\/\/staerk-bikes.nl\/de\/zadelpen-eten\/\" data-orig-file=\"https:\/\/i0.wp.com\/staerk-bikes.nl\/wp-content\/uploads\/2022\/03\/zadelpen-eten.jpg?fit=1206%2C893&amp;ssl=1\" data-orig-size=\"1206,893\" data-comments-opened=\"0\" data-image-meta=\"{&quot;aperture&quot;:&quot;0&quot;,&quot;credit&quot;:&quot;Ruben&quot;,&quot;camera&quot;:&quot;&quot;,&quot;caption&quot;:&quot;&quot;,&quot;created_timestamp&quot;:&quot;1648563099&quot;,&quot;copyright&quot;:&quot;&quot;,&quot;focal_length&quot;:&quot;0&quot;,&quot;iso&quot;:&quot;0&quot;,&quot;shutter_speed&quot;:&quot;0&quot;,&quot;title&quot;:&quot;&quot;,&quot;orientation&quot;:&quot;0&quot;}\" data-image-title=\"zadelpen-eten\" data-image-description=\"\" data-image-caption=\"\" data-large-file=\"https:\/\/i0.wp.com\/staerk-bikes.nl\/wp-content\/uploads\/2022\/03\/zadelpen-eten.jpg?fit=580%2C429&amp;ssl=1\" src=\"https:\/\/i0.wp.com\/staerk-bikes.nl\/wp-content\/uploads\/2022\/03\/zadelpen-eten.jpg?resize=580%2C429&#038;ssl=1\" alt=\"\" class=\"wp-image-331 size-full\"\/><\/figure><div class=\"wp-block-media-text__content\">\n<h2 class=\"wp-block-heading has-text-align-left\" id=\"elektrisch\">E10-Luftverstellbare Sattelst\u00fctze<\/h2>\n\n\n\n<p class=\"wp-block-paragraph\">Mehrpreis <em>\u20ac100,00<\/em><\/p>\n\n\n\n<p class=\"has-text-align-left wp-block-paragraph\" style=\"font-size:16px\">Anstelle der normalen Sattelst\u00fctze bietet ST\u00c6RK die Option, eine E10-Luft verstellbare Sattelst\u00fctze zu installieren. Mit dieser Sattelst\u00fctze kann die H\u00f6he, \u00e4hnlich wie bei einem B\u00fcrostuhl, mit einem Hebel angepasst werden. Dies ist ideal, wenn viele verschiedene Personen das Tandem nutzen. Beachten Sie jedoch, dass diese Sattelst\u00fctze nicht federnd ist. <\/p>\n\n\n\n<div class=\"wp-block-buttons is-layout-flex wp-block-buttons-is-layout-flex\">\n<div class=\"wp-block-button\"><a class=\"wp-block-button__link wp-element-button\" href=\"https:\/\/staerk-bikes.nl\/de\/2022\/03\/30\/e10-lucht-verstelbare-zadelpen\/\">Zus\u00e4tzliche Informationen<\/a><\/div>\n<\/div>\n<\/div><\/div>\n\n\n\n<div class=\"wp-block-media-text alignwide is-stacked-on-mobile\"><figure class=\"wp-block-media-text__media\"><img data-recalc-dims=\"1\" loading=\"lazy\" decoding=\"async\" width=\"580\" height=\"431\" data-attachment-id=\"332\" data-permalink=\"https:\/\/staerk-bikes.nl\/de\/zadelpen-verend-01\/\" data-orig-file=\"https:\/\/i0.wp.com\/staerk-bikes.nl\/wp-content\/uploads\/2022\/03\/zadelpen-verend-01.png?fit=1880%2C1396&amp;ssl=1\" data-orig-size=\"1880,1396\" data-comments-opened=\"0\" data-image-meta=\"{&quot;aperture&quot;:&quot;0&quot;,&quot;credit&quot;:&quot;&quot;,&quot;camera&quot;:&quot;&quot;,&quot;caption&quot;:&quot;&quot;,&quot;created_timestamp&quot;:&quot;0&quot;,&quot;copyright&quot;:&quot;&quot;,&quot;focal_length&quot;:&quot;0&quot;,&quot;iso&quot;:&quot;0&quot;,&quot;shutter_speed&quot;:&quot;0&quot;,&quot;title&quot;:&quot;&quot;,&quot;orientation&quot;:&quot;0&quot;}\" data-image-title=\"zadelpen-verend-01\" data-image-description=\"\" data-image-caption=\"\" data-large-file=\"https:\/\/i0.wp.com\/staerk-bikes.nl\/wp-content\/uploads\/2022\/03\/zadelpen-verend-01.png?fit=580%2C431&amp;ssl=1\" src=\"https:\/\/i0.wp.com\/staerk-bikes.nl\/wp-content\/uploads\/2022\/03\/zadelpen-verend-01.png?resize=580%2C431&#038;ssl=1\" alt=\"\" class=\"wp-image-332 size-full\"\/><\/figure><div class=\"wp-block-media-text__content\">\n<h2 class=\"wp-block-heading has-text-align-left\" id=\"elektrisch\">Diagonal gefederte Sattelst\u00fctze<\/h2>\n\n\n\n<p class=\"wp-block-paragraph\">Mehrpreis <em>\u20ac80,00<\/em><\/p>\n\n\n\n<p class=\"has-text-align-left wp-block-paragraph\" style=\"font-size:16px\">F\u00fcr Benutzer, denen Komfort wichtig ist, bietet ST\u00c6RK eine verstellbare Sattelst\u00fctze, die diagonal nach hinten in Richtung des Rades und nicht direkt zur Tretkurbel (wie die meisten Sattelst\u00fctzen) federt. Diese Sattelst\u00fctze federt daher genau in die Richtung, aus der Unannehmlichkeiten kommen, und verleiht ein unvergleichlich komfortables Fahrgef\u00fchl. <\/p>\n\n\n\n<div class=\"wp-block-buttons is-layout-flex wp-block-buttons-is-layout-flex\">\n<div class=\"wp-block-button\"><a class=\"wp-block-button__link wp-element-button\" href=\"https:\/\/staerk-bikes.nl\/de\/2022\/03\/30\/pm-zadelpen-parallel-vering\/\">Zus\u00e4tzliche Informationen<\/a><\/div>\n<\/div>\n<\/div><\/div>\n\n\n\n<div class=\"wp-block-media-text alignwide is-stacked-on-mobile\"><figure class=\"wp-block-media-text__media\"><img data-recalc-dims=\"1\" loading=\"lazy\" decoding=\"async\" width=\"580\" height=\"551\" data-attachment-id=\"949\" data-permalink=\"https:\/\/staerk-bikes.nl\/de\/accessoires\/snelspanner\/\" data-orig-file=\"https:\/\/i0.wp.com\/staerk-bikes.nl\/wp-content\/uploads\/2023\/08\/snelspanner.png?fit=905%2C860&amp;ssl=1\" data-orig-size=\"905,860\" data-comments-opened=\"0\" data-image-meta=\"{&quot;aperture&quot;:&quot;0&quot;,&quot;credit&quot;:&quot;&quot;,&quot;camera&quot;:&quot;&quot;,&quot;caption&quot;:&quot;&quot;,&quot;created_timestamp&quot;:&quot;0&quot;,&quot;copyright&quot;:&quot;&quot;,&quot;focal_length&quot;:&quot;0&quot;,&quot;iso&quot;:&quot;0&quot;,&quot;shutter_speed&quot;:&quot;0&quot;,&quot;title&quot;:&quot;&quot;,&quot;orientation&quot;:&quot;0&quot;}\" data-image-title=\"snelspanner\" data-image-description=\"\" data-image-caption=\"\" data-large-file=\"https:\/\/i0.wp.com\/staerk-bikes.nl\/wp-content\/uploads\/2023\/08\/snelspanner.png?fit=580%2C551&amp;ssl=1\" src=\"https:\/\/i0.wp.com\/staerk-bikes.nl\/wp-content\/uploads\/2023\/08\/snelspanner.png?resize=580%2C551&#038;ssl=1\" alt=\"\" class=\"wp-image-949 size-full\"\/><\/figure><div class=\"wp-block-media-text__content\">\n<h2 class=\"wp-block-heading has-text-align-left\" id=\"elektrisch\">Schnellspanner <\/h2>\n\n\n\n<p class=\"wp-block-paragraph\">Mehrpreis <em>\u20ac<\/em>12,50 pro St\u00fcck<\/p>\n\n\n\n<p class=\"has-text-align-left wp-block-paragraph\" style=\"font-size:16px\">Manchmal ist es praktisch, die Sattelst\u00fctze einfach ein wenig h\u00f6her oder niedriger einzustellen, zum Beispiel bei verschiedenen Fahrern oder wenn die Sattelst\u00fctzen oder der Doppellenker aus Gr\u00fcnden des Transports abgenommen werden m\u00fcssen. Standardm\u00e4\u00dfig ist Ihr ST\u00c6RK mit Klemmen ausgestattet, die Sie mit einem Innensechskantschl\u00fcssel l\u00f6sen m\u00fcssen. Als Option k\u00f6nnen Sie sich f\u00fcr einen Schnellspanner entscheiden. Dies kann sowohl f\u00fcr die vordere als auch f\u00fcr die hintere Sattelst\u00fctze und f\u00fcr den Lenkervorbau des hinteren Fahrers gew\u00e4hlt werden. <\/p>\n<\/div><\/div>\n\n\n\n<div class=\"wp-block-media-text alignwide is-stacked-on-mobile\"><figure class=\"wp-block-media-text__media\"><a href=\"http:\/\/staerk-bikes.nl\/de\/2022\/11\/17\/enduo-supersterke-ketting\/\"><img data-recalc-dims=\"1\" loading=\"lazy\" decoding=\"async\" width=\"580\" height=\"198\" data-attachment-id=\"795\" data-permalink=\"https:\/\/staerk-bikes.nl\/de\/2022\/11\/17\/enduo-supersterke-ketting\/aandrijving-enduo-1\/\" data-orig-file=\"https:\/\/i0.wp.com\/staerk-bikes.nl\/wp-content\/uploads\/2022\/11\/aandrijving-enduo-1.jpg?fit=1703%2C581&amp;ssl=1\" data-orig-size=\"1703,581\" data-comments-opened=\"0\" data-image-meta=\"{&quot;aperture&quot;:&quot;0&quot;,&quot;credit&quot;:&quot;&quot;,&quot;camera&quot;:&quot;&quot;,&quot;caption&quot;:&quot;&quot;,&quot;created_timestamp&quot;:&quot;0&quot;,&quot;copyright&quot;:&quot;&quot;,&quot;focal_length&quot;:&quot;0&quot;,&quot;iso&quot;:&quot;0&quot;,&quot;shutter_speed&quot;:&quot;0&quot;,&quot;title&quot;:&quot;&quot;,&quot;orientation&quot;:&quot;0&quot;}\" data-image-title=\"aandrijving-enduo-1\" data-image-description=\"\" data-image-caption=\"\" data-large-file=\"https:\/\/i0.wp.com\/staerk-bikes.nl\/wp-content\/uploads\/2022\/11\/aandrijving-enduo-1.jpg?fit=580%2C198&amp;ssl=1\" src=\"https:\/\/i0.wp.com\/staerk-bikes.nl\/wp-content\/uploads\/2022\/11\/aandrijving-enduo-1.jpg?resize=580%2C198&#038;ssl=1\" alt=\"\" class=\"wp-image-795 size-full\"\/><\/a><\/figure><div class=\"wp-block-media-text__content\">\n<h2 class=\"wp-block-heading has-text-align-left\" id=\"elektrisch\">ENDUO besonders starke Kette<\/h2>\n\n\n\n<p class=\"wp-block-paragraph\">Mehrpreis <em>\u20ac<\/em>600,-<\/p>\n\n\n\n<p class=\"has-text-align-left wp-block-paragraph\" style=\"font-size:16px\">Diese \u00e4u\u00dferst robuste Kette verl\u00e4uft geschmeidiger und hat eine bis zu 8-fach l\u00e4ngere Lebensdauer. <\/p>\n\n\n\n<div class=\"wp-block-buttons is-layout-flex wp-block-buttons-is-layout-flex\">\n<div class=\"wp-block-button\"><a class=\"wp-block-button__link wp-element-button\" href=\"http:\/\/staerk-bikes.nl\/de\/2022\/11\/17\/enduo-supersterke-ketting\/\">Zus\u00e4tzliche Informationen<\/a><\/div>\n<\/div>\n<\/div><\/div>\n\n\n\n<div class=\"wp-block-media-text alignwide is-stacked-on-mobile\"><figure class=\"wp-block-media-text__media\"><img data-recalc-dims=\"1\" loading=\"lazy\" decoding=\"async\" width=\"580\" height=\"393\" data-attachment-id=\"754\" data-permalink=\"https:\/\/staerk-bikes.nl\/de\/2022\/10\/05\/magnetische-sluiting\/st-magneethouder35\/\" data-orig-file=\"https:\/\/i0.wp.com\/staerk-bikes.nl\/wp-content\/uploads\/2022\/10\/st-magneethouder35.png?fit=1324%2C896&amp;ssl=1\" data-orig-size=\"1324,896\" data-comments-opened=\"0\" data-image-meta=\"{&quot;aperture&quot;:&quot;0&quot;,&quot;credit&quot;:&quot;&quot;,&quot;camera&quot;:&quot;&quot;,&quot;caption&quot;:&quot;&quot;,&quot;created_timestamp&quot;:&quot;0&quot;,&quot;copyright&quot;:&quot;&quot;,&quot;focal_length&quot;:&quot;0&quot;,&quot;iso&quot;:&quot;0&quot;,&quot;shutter_speed&quot;:&quot;0&quot;,&quot;title&quot;:&quot;&quot;,&quot;orientation&quot;:&quot;0&quot;}\" data-image-title=\"st-magneethouder35\" data-image-description=\"\" data-image-caption=\"\" data-large-file=\"https:\/\/i0.wp.com\/staerk-bikes.nl\/wp-content\/uploads\/2022\/10\/st-magneethouder35.png?fit=580%2C393&amp;ssl=1\" src=\"https:\/\/i0.wp.com\/staerk-bikes.nl\/wp-content\/uploads\/2022\/10\/st-magneethouder35.png?resize=580%2C393&#038;ssl=1\" alt=\"\" class=\"wp-image-754 size-full\"\/><\/figure><div class=\"wp-block-media-text__content\">\n<h2 class=\"wp-block-heading has-text-align-left\" id=\"elektrisch\">Magnetischer Verschluss<\/h2>\n\n\n\n<p class=\"wp-block-paragraph\">Mehrpreis ca. <em>\u20ac49,00<\/em><\/p>\n\n\n\n<p class=\"has-text-align-left wp-block-paragraph\" style=\"font-size:16px\">Manchmal ist es praktisch Ihr ST\u00c6RK in aufgeklappter Position stehen zu lassen. Um zu verhindern, dass es sich wieder \u00f6ffnet, wurde der magnetische Verschluss entwickelt. Dieser kann beim Transport, in Fahrradabstellr\u00e4umen oder einfach in Ihrer eigenen Garage n\u00fctzlich sein.<\/p>\n\n\n\n<div class=\"wp-block-buttons is-layout-flex wp-block-buttons-is-layout-flex\">\n<div class=\"wp-block-button\"><a class=\"wp-block-button__link wp-element-button\" href=\"http:\/\/staerk-bikes.nl\/de\/2022\/10\/05\/magnetische-sluiting\/\">Zus\u00e4tzliche Informationen<\/a><\/div>\n<\/div>\n\n\n\n<p class=\"wp-block-paragraph\"><\/p>\n<\/div><\/div>\n\n\n\n<div class=\"wp-block-media-text alignwide is-stacked-on-mobile\"><figure class=\"wp-block-media-text__media\"><img data-recalc-dims=\"1\" loading=\"lazy\" decoding=\"async\" width=\"580\" height=\"485\" data-attachment-id=\"856\" data-permalink=\"https:\/\/staerk-bikes.nl\/de\/accessoires\/contact-plus\/\" data-orig-file=\"https:\/\/i0.wp.com\/staerk-bikes.nl\/wp-content\/uploads\/2023\/02\/contact-plus.png?fit=641%2C536&amp;ssl=1\" data-orig-size=\"641,536\" data-comments-opened=\"0\" data-image-meta=\"{&quot;aperture&quot;:&quot;0&quot;,&quot;credit&quot;:&quot;&quot;,&quot;camera&quot;:&quot;&quot;,&quot;caption&quot;:&quot;&quot;,&quot;created_timestamp&quot;:&quot;0&quot;,&quot;copyright&quot;:&quot;&quot;,&quot;focal_length&quot;:&quot;0&quot;,&quot;iso&quot;:&quot;0&quot;,&quot;shutter_speed&quot;:&quot;0&quot;,&quot;title&quot;:&quot;&quot;,&quot;orientation&quot;:&quot;0&quot;}\" data-image-title=\"contact-plus\" data-image-description=\"\" data-image-caption=\"\" data-large-file=\"https:\/\/i0.wp.com\/staerk-bikes.nl\/wp-content\/uploads\/2023\/02\/contact-plus.png?fit=580%2C485&amp;ssl=1\" src=\"https:\/\/i0.wp.com\/staerk-bikes.nl\/wp-content\/uploads\/2023\/02\/contact-plus.png?resize=580%2C485&#038;ssl=1\" alt=\"\" class=\"wp-image-856 size-full\"\/><\/figure><div class=\"wp-block-media-text__content\">\n<h2 class=\"wp-block-heading has-text-align-left\" id=\"elektrisch\">Contact Plus 42mm Reifen<\/h2>\n\n\n\n<p class=\"wp-block-paragraph\">Mehrpreis  <em>\u20ac25,00<\/em><\/p>\n\n\n\n<p class=\"has-text-align-left wp-block-paragraph\" style=\"font-size:16px\">Das ST\u00c6RK Tandem ist standardm\u00e4\u00dfig mit Continental Contact Reifen ausgestattet. Diese Reifen haben einen niedrigen Rollwiderstand und bieten guten Pannenschutz. F\u00fcr Fahrer, die noch mehr Sicherheit w\u00fcnschen, besteht die M\u00f6glichkeit, sich f\u00fcr die Continental Contact PLUS Reifen mit Hermetic Plus Schl\u00e4uchen zu entscheiden. Diese Reifen haben eine dickere Pannenschutzschicht und bieten daher noch mehr Schutz vor Pannen. Beachten Sie jedoch, dass diese Reifen etwas schwerer rollen k\u00f6nnen, aber in Kombination mit einem elektrischen Antrieb ist dies vernachl\u00e4ssigbar.<\/p>\n\n\n\n<p class=\"wp-block-paragraph\"><\/p>\n<\/div><\/div>\n\n\n\n<div class=\"wp-block-media-text alignwide is-stacked-on-mobile\"><figure class=\"wp-block-media-text__media\"><img data-recalc-dims=\"1\" loading=\"lazy\" decoding=\"async\" width=\"580\" height=\"554\" data-attachment-id=\"2131\" data-permalink=\"https:\/\/staerk-bikes.nl\/de\/accessoires\/dropouts-staerk-staal-lang\/\" data-orig-file=\"https:\/\/i0.wp.com\/staerk-bikes.nl\/wp-content\/uploads\/2024\/08\/dropouts-Staerk-staal-lang.jpg?fit=1050%2C1003&amp;ssl=1\" data-orig-size=\"1050,1003\" data-comments-opened=\"0\" data-image-meta=\"{&quot;aperture&quot;:&quot;0&quot;,&quot;credit&quot;:&quot;&quot;,&quot;camera&quot;:&quot;&quot;,&quot;caption&quot;:&quot;&quot;,&quot;created_timestamp&quot;:&quot;0&quot;,&quot;copyright&quot;:&quot;&quot;,&quot;focal_length&quot;:&quot;0&quot;,&quot;iso&quot;:&quot;0&quot;,&quot;shutter_speed&quot;:&quot;0&quot;,&quot;title&quot;:&quot;&quot;,&quot;orientation&quot;:&quot;0&quot;}\" data-image-title=\"dropouts Staerk staal lang\" data-image-description=\"\" data-image-caption=\"\" data-large-file=\"https:\/\/i0.wp.com\/staerk-bikes.nl\/wp-content\/uploads\/2024\/08\/dropouts-Staerk-staal-lang.jpg?fit=580%2C554&amp;ssl=1\" src=\"https:\/\/i0.wp.com\/staerk-bikes.nl\/wp-content\/uploads\/2024\/08\/dropouts-Staerk-staal-lang.jpg?resize=580%2C554&#038;ssl=1\" alt=\"\" class=\"wp-image-2131 size-full\" srcset=\"https:\/\/i0.wp.com\/staerk-bikes.nl\/wp-content\/uploads\/2024\/08\/dropouts-Staerk-staal-lang.jpg?resize=1024%2C978&amp;ssl=1 1024w, https:\/\/i0.wp.com\/staerk-bikes.nl\/wp-content\/uploads\/2024\/08\/dropouts-Staerk-staal-lang.jpg?resize=300%2C287&amp;ssl=1 300w, https:\/\/i0.wp.com\/staerk-bikes.nl\/wp-content\/uploads\/2024\/08\/dropouts-Staerk-staal-lang.jpg?resize=768%2C734&amp;ssl=1 768w, https:\/\/i0.wp.com\/staerk-bikes.nl\/wp-content\/uploads\/2024\/08\/dropouts-Staerk-staal-lang.jpg?resize=13%2C12&amp;ssl=1 13w, https:\/\/i0.wp.com\/staerk-bikes.nl\/wp-content\/uploads\/2024\/08\/dropouts-Staerk-staal-lang.jpg?w=1050&amp;ssl=1 1050w\" sizes=\"auto, (max-width: 580px) 100vw, 580px\" \/><\/figure><div class=\"wp-block-media-text__content\">\n<h2 class=\"wp-block-heading has-text-align-left\" id=\"elektrisch\">Ander Ausfalenden mit 47mm Contact Plus Reifen<\/h2>\n\n\n\n<p class=\"wp-block-paragraph\">Mehrpreis <em>\u20ac100,00<\/em><\/p>\n\n\n\n<p class=\"has-text-align-left wp-block-paragraph\" style=\"font-size:16px\">Manchmal besteht der Wunsch, dickere Reifen zu montieren. Dies kann mit speziellen l\u00e4ngeren Ausfallenden erreicht werden. STAERK bietet Ihnen die M\u00f6glichkeit, 47 mm dicke Contact Plus-Reifen ab Werk zu bestellen. Bitte beachten Sie: Diese Reifen k\u00f6nnen etwas schwerer laufen, in Kombination mit einem Elektroantrieb ist dies jedoch vernachl\u00e4ssigbar.<\/p>\n\n\n\n<p class=\"wp-block-paragraph\"><\/p>\n<\/div><\/div>\n\n\n\n<div class=\"wp-block-media-text alignwide is-stacked-on-mobile\"><figure class=\"wp-block-media-text__media\"><img data-recalc-dims=\"1\" loading=\"lazy\" decoding=\"async\" width=\"580\" height=\"580\" data-attachment-id=\"3076\" data-permalink=\"https:\/\/staerk-bikes.nl\/de\/accessoires\/voordrager-racktime\/\" data-orig-file=\"https:\/\/i0.wp.com\/staerk-bikes.nl\/wp-content\/uploads\/2025\/04\/Voordrager-Racktime.jpg?fit=2888%2C2888&amp;ssl=1\" data-orig-size=\"2888,2888\" data-comments-opened=\"0\" data-image-meta=\"{&quot;aperture&quot;:&quot;1.8&quot;,&quot;credit&quot;:&quot;&quot;,&quot;camera&quot;:&quot;SM-G990B&quot;,&quot;caption&quot;:&quot;&quot;,&quot;created_timestamp&quot;:&quot;1744193215&quot;,&quot;copyright&quot;:&quot;&quot;,&quot;focal_length&quot;:&quot;5.4&quot;,&quot;iso&quot;:&quot;40&quot;,&quot;shutter_speed&quot;:&quot;0.005462578&quot;,&quot;title&quot;:&quot;&quot;,&quot;orientation&quot;:&quot;0&quot;}\" data-image-title=\"Voordrager Racktime\" data-image-description=\"\" data-image-caption=\"\" data-large-file=\"https:\/\/i0.wp.com\/staerk-bikes.nl\/wp-content\/uploads\/2025\/04\/Voordrager-Racktime.jpg?fit=580%2C580&amp;ssl=1\" src=\"https:\/\/i0.wp.com\/staerk-bikes.nl\/wp-content\/uploads\/2025\/04\/Voordrager-Racktime.jpg?resize=580%2C580&#038;ssl=1\" alt=\"\" class=\"wp-image-3076 size-full\" srcset=\"https:\/\/i0.wp.com\/staerk-bikes.nl\/wp-content\/uploads\/2025\/04\/Voordrager-Racktime.jpg?resize=1024%2C1024&amp;ssl=1 1024w, https:\/\/i0.wp.com\/staerk-bikes.nl\/wp-content\/uploads\/2025\/04\/Voordrager-Racktime.jpg?resize=300%2C300&amp;ssl=1 300w, https:\/\/i0.wp.com\/staerk-bikes.nl\/wp-content\/uploads\/2025\/04\/Voordrager-Racktime.jpg?resize=150%2C150&amp;ssl=1 150w, https:\/\/i0.wp.com\/staerk-bikes.nl\/wp-content\/uploads\/2025\/04\/Voordrager-Racktime.jpg?resize=768%2C768&amp;ssl=1 768w, https:\/\/i0.wp.com\/staerk-bikes.nl\/wp-content\/uploads\/2025\/04\/Voordrager-Racktime.jpg?resize=1536%2C1536&amp;ssl=1 1536w, https:\/\/i0.wp.com\/staerk-bikes.nl\/wp-content\/uploads\/2025\/04\/Voordrager-Racktime.jpg?resize=2048%2C2048&amp;ssl=1 2048w, https:\/\/i0.wp.com\/staerk-bikes.nl\/wp-content\/uploads\/2025\/04\/Voordrager-Racktime.jpg?resize=12%2C12&amp;ssl=1 12w, https:\/\/i0.wp.com\/staerk-bikes.nl\/wp-content\/uploads\/2025\/04\/Voordrager-Racktime.jpg?resize=1200%2C1200&amp;ssl=1 1200w, https:\/\/i0.wp.com\/staerk-bikes.nl\/wp-content\/uploads\/2025\/04\/Voordrager-Racktime.jpg?resize=1980%2C1980&amp;ssl=1 1980w, https:\/\/i0.wp.com\/staerk-bikes.nl\/wp-content\/uploads\/2025\/04\/Voordrager-Racktime.jpg?w=1740&amp;ssl=1 1740w\" sizes=\"auto, (max-width: 580px) 100vw, 580px\" \/><\/figure><div class=\"wp-block-media-text__content\">\n<h2 class=\"wp-block-heading has-text-align-left\" id=\"elektrisch\">Forderrad Trager \/ Lowrider<\/h2>\n\n\n\n<p class=\"wp-block-paragraph\">Mehrpreis <em>\u20ac 69,00<\/em><\/p>\n\n\n\n<p class=\"has-text-align-left wp-block-paragraph\" style=\"font-size:16px\">Dieser Lowrider eignet sich ideal f\u00fcr den Transport von zus\u00e4tzlichem Gep\u00e4ck. Er hat eine maximale Tragf\u00e4higkeit von 18 kg (9 kg pro Seite). Bei einer starren Gabel l\u00e4sst er sich direkt an der Gabel befestigen. Bei einer Federgabel wird eine zus\u00e4tzliche Halterung verwendet.<\/p>\n\n\n\n<p class=\"wp-block-paragraph\"><\/p>\n<\/div><\/div>\n\n\n\n<div class=\"wp-block-media-text alignwide is-stacked-on-mobile\"><figure class=\"wp-block-media-text__media\"><img data-recalc-dims=\"1\" loading=\"lazy\" decoding=\"async\" width=\"580\" height=\"615\" data-attachment-id=\"924\" data-permalink=\"https:\/\/staerk-bikes.nl\/de\/accessoires\/ursus-standaard-1\/\" data-orig-file=\"https:\/\/i0.wp.com\/staerk-bikes.nl\/wp-content\/uploads\/2023\/07\/ursus-standaard-1.jpg?fit=2621%2C2781&amp;ssl=1\" data-orig-size=\"2621,2781\" data-comments-opened=\"0\" data-image-meta=\"{&quot;aperture&quot;:&quot;0&quot;,&quot;credit&quot;:&quot;&quot;,&quot;camera&quot;:&quot;&quot;,&quot;caption&quot;:&quot;&quot;,&quot;created_timestamp&quot;:&quot;0&quot;,&quot;copyright&quot;:&quot;&quot;,&quot;focal_length&quot;:&quot;0&quot;,&quot;iso&quot;:&quot;0&quot;,&quot;shutter_speed&quot;:&quot;0&quot;,&quot;title&quot;:&quot;&quot;,&quot;orientation&quot;:&quot;0&quot;}\" data-image-title=\"ursus-standaard-1\" data-image-description=\"\" data-image-caption=\"\" data-large-file=\"https:\/\/i0.wp.com\/staerk-bikes.nl\/wp-content\/uploads\/2023\/07\/ursus-standaard-1.jpg?fit=580%2C615&amp;ssl=1\" src=\"https:\/\/i0.wp.com\/staerk-bikes.nl\/wp-content\/uploads\/2023\/07\/ursus-standaard-1.jpg?resize=580%2C615&#038;ssl=1\" alt=\"\" class=\"wp-image-924 size-full\"\/><\/figure><div class=\"wp-block-media-text__content\">\n<h2 class=\"wp-block-heading has-text-align-left\" id=\"elektrisch\">Seitenst\u00e4nder<\/h2>\n\n\n\n<p class=\"wp-block-paragraph\">Mehrpreis  <em>\u20ac<\/em> 12,00<\/p>\n\n\n\n<p class=\"has-small-font-size wp-block-paragraph\">Das ST\u00c6RK Tandem ist standardm\u00e4\u00dfig mit einem Doppelst\u00e4nder vorne ausgestattet, der f\u00fcr Stabilit\u00e4t sorgt, auch im zusammengeklappten Zustand. Manchmal ist es jedoch praktisch, auch einen Seitenst\u00e4nder zu haben, damit das Tandem leichter abgestellt werden kann. Beim Zusammenklappen sollten Sie jedoch den Doppelst\u00e4nder verwenden. Diese Option ist nur verf\u00fcgbar, wenn sich kein Kettenschutz auf der linken Seite des Fahrrads befindet. Bitte pr\u00fcfen Sie daher das Modell Ihres ST\u00c6RK sorgf\u00e4ltig.<\/p>\n\n\n\n<p class=\"wp-block-paragraph\"><\/p>\n\n\n\n<p class=\"wp-block-paragraph\"><\/p>\n<\/div><\/div>\n\n\n\n<div class=\"wp-block-media-text alignwide is-stacked-on-mobile\"><figure class=\"wp-block-media-text__media\"><img data-recalc-dims=\"1\" loading=\"lazy\" decoding=\"async\" width=\"580\" height=\"435\" data-attachment-id=\"1182\" data-permalink=\"https:\/\/staerk-bikes.nl\/de\/accessoires\/20230911_173203\/\" data-orig-file=\"https:\/\/i0.wp.com\/staerk-bikes.nl\/wp-content\/uploads\/2023\/10\/20230911_173203.jpg?fit=2000%2C1500&amp;ssl=1\" data-orig-size=\"2000,1500\" data-comments-opened=\"0\" data-image-meta=\"{&quot;aperture&quot;:&quot;0&quot;,&quot;credit&quot;:&quot;&quot;,&quot;camera&quot;:&quot;&quot;,&quot;caption&quot;:&quot;&quot;,&quot;created_timestamp&quot;:&quot;0&quot;,&quot;copyright&quot;:&quot;&quot;,&quot;focal_length&quot;:&quot;0&quot;,&quot;iso&quot;:&quot;0&quot;,&quot;shutter_speed&quot;:&quot;0&quot;,&quot;title&quot;:&quot;&quot;,&quot;orientation&quot;:&quot;1&quot;}\" data-image-title=\"20230911_173203\" data-image-description=\"\" data-image-caption=\"\" data-large-file=\"https:\/\/i0.wp.com\/staerk-bikes.nl\/wp-content\/uploads\/2023\/10\/20230911_173203.jpg?fit=580%2C435&amp;ssl=1\" src=\"https:\/\/i0.wp.com\/staerk-bikes.nl\/wp-content\/uploads\/2023\/10\/20230911_173203.jpg?resize=580%2C435&#038;ssl=1\" alt=\"\" class=\"wp-image-1182 size-full\" srcset=\"https:\/\/i0.wp.com\/staerk-bikes.nl\/wp-content\/uploads\/2023\/10\/20230911_173203.jpg?resize=1024%2C768&amp;ssl=1 1024w, https:\/\/i0.wp.com\/staerk-bikes.nl\/wp-content\/uploads\/2023\/10\/20230911_173203.jpg?resize=300%2C225&amp;ssl=1 300w, https:\/\/i0.wp.com\/staerk-bikes.nl\/wp-content\/uploads\/2023\/10\/20230911_173203.jpg?resize=768%2C576&amp;ssl=1 768w, https:\/\/i0.wp.com\/staerk-bikes.nl\/wp-content\/uploads\/2023\/10\/20230911_173203.jpg?resize=1536%2C1152&amp;ssl=1 1536w, https:\/\/i0.wp.com\/staerk-bikes.nl\/wp-content\/uploads\/2023\/10\/20230911_173203.jpg?resize=16%2C12&amp;ssl=1 16w, https:\/\/i0.wp.com\/staerk-bikes.nl\/wp-content\/uploads\/2023\/10\/20230911_173203.jpg?resize=1200%2C900&amp;ssl=1 1200w, https:\/\/i0.wp.com\/staerk-bikes.nl\/wp-content\/uploads\/2023\/10\/20230911_173203.jpg?resize=800%2C600&amp;ssl=1 800w, https:\/\/i0.wp.com\/staerk-bikes.nl\/wp-content\/uploads\/2023\/10\/20230911_173203.jpg?resize=600%2C450&amp;ssl=1 600w, https:\/\/i0.wp.com\/staerk-bikes.nl\/wp-content\/uploads\/2023\/10\/20230911_173203.jpg?resize=400%2C300&amp;ssl=1 400w, https:\/\/i0.wp.com\/staerk-bikes.nl\/wp-content\/uploads\/2023\/10\/20230911_173203.jpg?resize=200%2C150&amp;ssl=1 200w, https:\/\/i0.wp.com\/staerk-bikes.nl\/wp-content\/uploads\/2023\/10\/20230911_173203.jpg?resize=1980%2C1485&amp;ssl=1 1980w, https:\/\/i0.wp.com\/staerk-bikes.nl\/wp-content\/uploads\/2023\/10\/20230911_173203.jpg?w=2000&amp;ssl=1 2000w, https:\/\/i0.wp.com\/staerk-bikes.nl\/wp-content\/uploads\/2023\/10\/20230911_173203.jpg?w=1740&amp;ssl=1 1740w\" sizes=\"auto, (max-width: 580px) 100vw, 580px\" \/><\/figure><div class=\"wp-block-media-text__content\">\n<h2 class=\"wp-block-heading has-text-align-left\" id=\"elektrisch\">Extra Schloss fur Bosch Akku<\/h2>\n\n\n\n<p class=\"wp-block-paragraph\">Mehrpreis  <em>\u20ac<\/em> 129,-<\/p>\n\n\n\n<p class=\"has-small-font-size wp-block-paragraph\">Die Bosch-Fahrr\u00e4der sind beliebt. Leider haben Diebe herausgefunden, dass auch einzelne Batterien verkauft werden k\u00f6nnen. Um Ihre Batterie zus\u00e4tzlich zu sichern, bietet STAERK eine Edelstahlhalterung mit einem zus\u00e4tzlichen Schloss an. Dadurch wird ein potenzieller Dieb davon abgehalten, Ihre Batterie zu stehlen.<\/p>\n<\/div><\/div>\n\n\n\n<div class=\"wp-block-media-text alignwide is-stacked-on-mobile\"><figure class=\"wp-block-media-text__media\"><img data-recalc-dims=\"1\" loading=\"lazy\" decoding=\"async\" width=\"580\" height=\"516\" data-attachment-id=\"4098\" data-permalink=\"https:\/\/staerk-bikes.nl\/de\/accessoires\/mik-plaat-met-bosch-accu\/\" data-orig-file=\"https:\/\/i0.wp.com\/staerk-bikes.nl\/wp-content\/uploads\/2025\/11\/MIK-plaat-met-bosch-accu.jpg?fit=1709%2C1521&amp;ssl=1\" data-orig-size=\"1709,1521\" data-comments-opened=\"0\" data-image-meta=\"{&quot;aperture&quot;:&quot;0&quot;,&quot;credit&quot;:&quot;&quot;,&quot;camera&quot;:&quot;&quot;,&quot;caption&quot;:&quot;&quot;,&quot;created_timestamp&quot;:&quot;0&quot;,&quot;copyright&quot;:&quot;&quot;,&quot;focal_length&quot;:&quot;0&quot;,&quot;iso&quot;:&quot;0&quot;,&quot;shutter_speed&quot;:&quot;0&quot;,&quot;title&quot;:&quot;&quot;,&quot;orientation&quot;:&quot;0&quot;}\" data-image-title=\"MIK plaat met bosch accu\" data-image-description=\"\" data-image-caption=\"\" data-large-file=\"https:\/\/i0.wp.com\/staerk-bikes.nl\/wp-content\/uploads\/2025\/11\/MIK-plaat-met-bosch-accu.jpg?fit=580%2C516&amp;ssl=1\" src=\"https:\/\/i0.wp.com\/staerk-bikes.nl\/wp-content\/uploads\/2025\/11\/MIK-plaat-met-bosch-accu.jpg?resize=580%2C516&#038;ssl=1\" alt=\"\" class=\"wp-image-4098 size-full\" srcset=\"https:\/\/i0.wp.com\/staerk-bikes.nl\/wp-content\/uploads\/2025\/11\/MIK-plaat-met-bosch-accu.jpg?resize=1024%2C911&amp;ssl=1 1024w, https:\/\/i0.wp.com\/staerk-bikes.nl\/wp-content\/uploads\/2025\/11\/MIK-plaat-met-bosch-accu.jpg?resize=300%2C267&amp;ssl=1 300w, https:\/\/i0.wp.com\/staerk-bikes.nl\/wp-content\/uploads\/2025\/11\/MIK-plaat-met-bosch-accu.jpg?resize=768%2C684&amp;ssl=1 768w, https:\/\/i0.wp.com\/staerk-bikes.nl\/wp-content\/uploads\/2025\/11\/MIK-plaat-met-bosch-accu.jpg?resize=1536%2C1367&amp;ssl=1 1536w, https:\/\/i0.wp.com\/staerk-bikes.nl\/wp-content\/uploads\/2025\/11\/MIK-plaat-met-bosch-accu.jpg?resize=13%2C12&amp;ssl=1 13w, https:\/\/i0.wp.com\/staerk-bikes.nl\/wp-content\/uploads\/2025\/11\/MIK-plaat-met-bosch-accu.jpg?resize=1200%2C1068&amp;ssl=1 1200w, https:\/\/i0.wp.com\/staerk-bikes.nl\/wp-content\/uploads\/2025\/11\/MIK-plaat-met-bosch-accu.jpg?w=1709&amp;ssl=1 1709w\" sizes=\"auto, (max-width: 580px) 100vw, 580px\" \/><\/figure><div class=\"wp-block-media-text__content\">\n<h2 class=\"wp-block-heading has-text-align-left\" id=\"elektrisch\">MIK Montage Platte f\u00fcr extra Akku<\/h2>\n\n\n\n<p class=\"wp-block-paragraph\">Mehrpreis  <em>\u20ac<\/em> 129,-<\/p>\n\n\n\n<p class=\"has-small-font-size wp-block-paragraph\">Der MIK-Gep\u00e4cktr\u00e4ger (serienm\u00e4\u00dfig bei STAERK-Tandems) kann mit einer Adapterplatte f\u00fcr einen Zusatzakku ausgestattet werden. Dadurch verdoppelt sich Ihre Reichweite sofort. Tauschen Sie einfach den Akku aus. Da es sich um ein separates Zubeh\u00f6rteil handelt, m\u00fcssen Sie den Zusatzakku nicht immer mitf\u00fchren. Nehmen Sie ihn nur mit, wenn Sie ihn voraussichtlich ben\u00f6tigen.<\/p>\n<\/div><\/div>\n\n\n\n<div class=\"wp-block-media-text alignwide is-stacked-on-mobile\"><figure class=\"wp-block-media-text__media\"><img data-recalc-dims=\"1\" loading=\"lazy\" decoding=\"async\" width=\"580\" height=\"773\" data-attachment-id=\"3991\" data-permalink=\"https:\/\/staerk-bikes.nl\/de\/accessoires\/zadeltje-met-crank-verkorter\/\" data-orig-file=\"https:\/\/i0.wp.com\/staerk-bikes.nl\/wp-content\/uploads\/2025\/10\/zadeltje-met-crank-verkorter.jpg?fit=3024%2C4032&amp;ssl=1\" data-orig-size=\"3024,4032\" data-comments-opened=\"0\" data-image-meta=\"{&quot;aperture&quot;:&quot;1.8&quot;,&quot;credit&quot;:&quot;&quot;,&quot;camera&quot;:&quot;iPhone 8 Plus&quot;,&quot;caption&quot;:&quot;&quot;,&quot;created_timestamp&quot;:&quot;1760623673&quot;,&quot;copyright&quot;:&quot;&quot;,&quot;focal_length&quot;:&quot;3.99&quot;,&quot;iso&quot;:&quot;32&quot;,&quot;shutter_speed&quot;:&quot;0.01&quot;,&quot;title&quot;:&quot;&quot;,&quot;orientation&quot;:&quot;0&quot;}\" data-image-title=\"zadeltje met crank verkorter\" data-image-description=\"\" data-image-caption=\"\" data-large-file=\"https:\/\/i0.wp.com\/staerk-bikes.nl\/wp-content\/uploads\/2025\/10\/zadeltje-met-crank-verkorter.jpg?fit=580%2C773&amp;ssl=1\" src=\"https:\/\/i0.wp.com\/staerk-bikes.nl\/wp-content\/uploads\/2025\/10\/zadeltje-met-crank-verkorter.jpg?resize=580%2C773&#038;ssl=1\" alt=\"\" class=\"wp-image-3991 size-full\" srcset=\"https:\/\/i0.wp.com\/staerk-bikes.nl\/wp-content\/uploads\/2025\/10\/zadeltje-met-crank-verkorter.jpg?resize=768%2C1024&amp;ssl=1 768w, https:\/\/i0.wp.com\/staerk-bikes.nl\/wp-content\/uploads\/2025\/10\/zadeltje-met-crank-verkorter.jpg?resize=225%2C300&amp;ssl=1 225w, https:\/\/i0.wp.com\/staerk-bikes.nl\/wp-content\/uploads\/2025\/10\/zadeltje-met-crank-verkorter.jpg?resize=1152%2C1536&amp;ssl=1 1152w, https:\/\/i0.wp.com\/staerk-bikes.nl\/wp-content\/uploads\/2025\/10\/zadeltje-met-crank-verkorter.jpg?resize=1536%2C2048&amp;ssl=1 1536w, https:\/\/i0.wp.com\/staerk-bikes.nl\/wp-content\/uploads\/2025\/10\/zadeltje-met-crank-verkorter.jpg?resize=9%2C12&amp;ssl=1 9w, https:\/\/i0.wp.com\/staerk-bikes.nl\/wp-content\/uploads\/2025\/10\/zadeltje-met-crank-verkorter.jpg?resize=1200%2C1600&amp;ssl=1 1200w, https:\/\/i0.wp.com\/staerk-bikes.nl\/wp-content\/uploads\/2025\/10\/zadeltje-met-crank-verkorter.jpg?resize=1980%2C2640&amp;ssl=1 1980w, https:\/\/i0.wp.com\/staerk-bikes.nl\/wp-content\/uploads\/2025\/10\/zadeltje-met-crank-verkorter.jpg?w=1740&amp;ssl=1 1740w\" sizes=\"auto, (max-width: 580px) 100vw, 580px\" \/><\/figure><div class=\"wp-block-media-text__content\">\n<h2 class=\"wp-block-heading has-text-align-left\" id=\"elektrisch\">Kinder Umbausatz<\/h2>\n\n\n\n<p class=\"wp-block-paragraph\">Mehrpreis <em>\u20ac<\/em> 200,-<\/p>\n\n\n\n<p class=\"has-small-font-size wp-block-paragraph\">Kinder ab etwa 8 Jahren k\u00f6nnen auf dem Tandem mitfahren. ST\u00c6RK bietet daf\u00fcr ein Umr\u00fcstset an, mit dem ein kleiner Sattel tief am Rahmen montiert und die Kurbeln verk\u00fcrzt werden k\u00f6nnen. So w\u00e4chst das Tandem mit Ihrem Kind mit. Sobald Ihr Kind gro\u00df genug ist, l\u00e4sst sich der Originalsattel einfach wieder anbringen und die Kurbel verkurzer entfernen. Ihr Tandem w\u00e4chst also mit Ihrem Kind mit.<\/p>\n<\/div><\/div>\n\n\n\n<div class=\"wp-block-media-text alignwide is-stacked-on-mobile\"><figure class=\"wp-block-media-text__media\"><img data-recalc-dims=\"1\" loading=\"lazy\" decoding=\"async\" width=\"580\" height=\"580\" data-attachment-id=\"4106\" data-permalink=\"https:\/\/staerk-bikes.nl\/de\/accessoires\/86063100-ergo-tec-vouwpedaal-ep-f\/\" data-orig-file=\"https:\/\/i0.wp.com\/staerk-bikes.nl\/wp-content\/uploads\/2025\/12\/86063100-Ergo-tec-vouwpedaal-EP-F.jpg?fit=800%2C800&amp;ssl=1\" data-orig-size=\"800,800\" data-comments-opened=\"0\" data-image-meta=\"{&quot;aperture&quot;:&quot;0&quot;,&quot;credit&quot;:&quot;&quot;,&quot;camera&quot;:&quot;&quot;,&quot;caption&quot;:&quot;&quot;,&quot;created_timestamp&quot;:&quot;0&quot;,&quot;copyright&quot;:&quot;&quot;,&quot;focal_length&quot;:&quot;0&quot;,&quot;iso&quot;:&quot;0&quot;,&quot;shutter_speed&quot;:&quot;0&quot;,&quot;title&quot;:&quot;&quot;,&quot;orientation&quot;:&quot;0&quot;}\" data-image-title=\"86063100 Ergo-tec vouwpedaal EP-F\" data-image-description=\"\" data-image-caption=\"\" data-large-file=\"https:\/\/i0.wp.com\/staerk-bikes.nl\/wp-content\/uploads\/2025\/12\/86063100-Ergo-tec-vouwpedaal-EP-F.jpg?fit=580%2C580&amp;ssl=1\" src=\"https:\/\/i0.wp.com\/staerk-bikes.nl\/wp-content\/uploads\/2025\/12\/86063100-Ergo-tec-vouwpedaal-EP-F.jpg?resize=580%2C580&#038;ssl=1\" alt=\"\" class=\"wp-image-4106 size-full\" srcset=\"https:\/\/i0.wp.com\/staerk-bikes.nl\/wp-content\/uploads\/2025\/12\/86063100-Ergo-tec-vouwpedaal-EP-F.jpg?w=800&amp;ssl=1 800w, https:\/\/i0.wp.com\/staerk-bikes.nl\/wp-content\/uploads\/2025\/12\/86063100-Ergo-tec-vouwpedaal-EP-F.jpg?resize=300%2C300&amp;ssl=1 300w, https:\/\/i0.wp.com\/staerk-bikes.nl\/wp-content\/uploads\/2025\/12\/86063100-Ergo-tec-vouwpedaal-EP-F.jpg?resize=150%2C150&amp;ssl=1 150w, https:\/\/i0.wp.com\/staerk-bikes.nl\/wp-content\/uploads\/2025\/12\/86063100-Ergo-tec-vouwpedaal-EP-F.jpg?resize=768%2C768&amp;ssl=1 768w, https:\/\/i0.wp.com\/staerk-bikes.nl\/wp-content\/uploads\/2025\/12\/86063100-Ergo-tec-vouwpedaal-EP-F.jpg?resize=12%2C12&amp;ssl=1 12w\" sizes=\"auto, (max-width: 580px) 100vw, 580px\" \/><\/figure><div class=\"wp-block-media-text__content\">\n<p class=\"wp-block-paragraph\">Mehrpreis <em>\u20ac<\/em> 30,- per paar<\/p>\n\n\n\n<h2 class=\"wp-block-heading has-text-align-left\" id=\"elektrisch\">Klappedalen<\/h2>\n\n\n\n<p class=\"has-small-font-size wp-block-paragraph\">Soms is het handig om ook de pedalen op te kunnen klappen. Hiermee maak je de Tandem (aan de onderkant) weer een stukje smaller. Dit kan soms handig zijn in een camper of smalle opbergruimte. ST\u00c6RK biedt de optie om voor en achter de pedalen af fabriek te laten vervangen door opklapbare pedalen met een hele goede anti slip laag. Ook zijn deze pedalen handig wanneer een oprijgoot wordt gebruikt op een fietsenrek.<\/p>\n<\/div><\/div>\n\n\n\n<div class=\"wp-block-media-text alignwide is-stacked-on-mobile\"><figure class=\"wp-block-media-text__media\"><img data-recalc-dims=\"1\" loading=\"lazy\" decoding=\"async\" width=\"580\" height=\"580\" data-attachment-id=\"1207\" data-permalink=\"https:\/\/staerk-bikes.nl\/de\/accessoires\/pom410-geel\/\" data-orig-file=\"https:\/\/i0.wp.com\/staerk-bikes.nl\/wp-content\/uploads\/2023\/10\/pom410-geel.png?fit=952%2C952&amp;ssl=1\" data-orig-size=\"952,952\" data-comments-opened=\"0\" data-image-meta=\"{&quot;aperture&quot;:&quot;0&quot;,&quot;credit&quot;:&quot;&quot;,&quot;camera&quot;:&quot;&quot;,&quot;caption&quot;:&quot;&quot;,&quot;created_timestamp&quot;:&quot;0&quot;,&quot;copyright&quot;:&quot;&quot;,&quot;focal_length&quot;:&quot;0&quot;,&quot;iso&quot;:&quot;0&quot;,&quot;shutter_speed&quot;:&quot;0&quot;,&quot;title&quot;:&quot;&quot;,&quot;orientation&quot;:&quot;0&quot;}\" data-image-title=\"pom410-geel\" data-image-description=\"\" data-image-caption=\"\" data-large-file=\"https:\/\/i0.wp.com\/staerk-bikes.nl\/wp-content\/uploads\/2023\/10\/pom410-geel.png?fit=580%2C580&amp;ssl=1\" src=\"https:\/\/i0.wp.com\/staerk-bikes.nl\/wp-content\/uploads\/2023\/10\/pom410-geel.png?resize=580%2C580&#038;ssl=1\" alt=\"\" class=\"wp-image-1207 size-full\" srcset=\"https:\/\/i0.wp.com\/staerk-bikes.nl\/wp-content\/uploads\/2023\/10\/pom410-geel.png?w=952&amp;ssl=1 952w, https:\/\/i0.wp.com\/staerk-bikes.nl\/wp-content\/uploads\/2023\/10\/pom410-geel.png?resize=300%2C300&amp;ssl=1 300w, https:\/\/i0.wp.com\/staerk-bikes.nl\/wp-content\/uploads\/2023\/10\/pom410-geel.png?resize=150%2C150&amp;ssl=1 150w, https:\/\/i0.wp.com\/staerk-bikes.nl\/wp-content\/uploads\/2023\/10\/pom410-geel.png?resize=768%2C768&amp;ssl=1 768w, https:\/\/i0.wp.com\/staerk-bikes.nl\/wp-content\/uploads\/2023\/10\/pom410-geel.png?resize=12%2C12&amp;ssl=1 12w, https:\/\/i0.wp.com\/staerk-bikes.nl\/wp-content\/uploads\/2023\/10\/pom410-geel.png?resize=800%2C800&amp;ssl=1 800w, https:\/\/i0.wp.com\/staerk-bikes.nl\/wp-content\/uploads\/2023\/10\/pom410-geel.png?resize=600%2C600&amp;ssl=1 600w, https:\/\/i0.wp.com\/staerk-bikes.nl\/wp-content\/uploads\/2023\/10\/pom410-geel.png?resize=400%2C400&amp;ssl=1 400w, https:\/\/i0.wp.com\/staerk-bikes.nl\/wp-content\/uploads\/2023\/10\/pom410-geel.png?resize=200%2C200&amp;ssl=1 200w\" sizes=\"auto, (max-width: 580px) 100vw, 580px\" \/><\/figure><div class=\"wp-block-media-text__content\">\n<h2 class=\"wp-block-heading has-text-align-left\" id=\"elektrisch\">Kleine Pumpe am Rahmen<\/h2>\n\n\n\n<p class=\"wp-block-paragraph\">Mehrpreis  <em>\u20ac<\/em> 12,-<\/p>\n\n\n\n<p class=\"has-small-font-size wp-block-paragraph\">Manchmal ist es n\u00fctzlich, eine Pumpe dabei zu haben. ST\u00c6RK liefert eine Pumpe mit einer Klammer, die um den Rahmen geklickt werden kann. Mit dieser Pumpe k\u00f6nnen Sie 6 bar erreichen, aber bitte beachten, es wird eine Weile dauern, bis Ihr Reifen voll ist.<\/p>\n\n\n\n<p class=\"wp-block-paragraph\"><\/p>\n\n\n\n<p class=\"wp-block-paragraph\"><\/p>\n\n\n\n<p class=\"wp-block-paragraph\"><\/p>\n\n\n\n<p class=\"wp-block-paragraph\"><\/p>\n\n\n\n<p class=\"wp-block-paragraph\"><\/p>\n\n\n\n<p class=\"wp-block-paragraph\"><\/p>\n<\/div><\/div>\n\n\n\n<div class=\"wp-block-media-text alignwide is-stacked-on-mobile\"><figure class=\"wp-block-media-text__media\"><img data-recalc-dims=\"1\" loading=\"lazy\" decoding=\"async\" width=\"580\" height=\"435\" data-attachment-id=\"1547\" data-permalink=\"https:\/\/staerk-bikes.nl\/de\/accessoires\/spiegel-staerk\/\" data-orig-file=\"https:\/\/i0.wp.com\/staerk-bikes.nl\/wp-content\/uploads\/2024\/02\/Spiegel-STAERK.jpg?fit=2000%2C1500&amp;ssl=1\" data-orig-size=\"2000,1500\" data-comments-opened=\"0\" data-image-meta=\"{&quot;aperture&quot;:&quot;0&quot;,&quot;credit&quot;:&quot;&quot;,&quot;camera&quot;:&quot;&quot;,&quot;caption&quot;:&quot;&quot;,&quot;created_timestamp&quot;:&quot;0&quot;,&quot;copyright&quot;:&quot;&quot;,&quot;focal_length&quot;:&quot;0&quot;,&quot;iso&quot;:&quot;0&quot;,&quot;shutter_speed&quot;:&quot;0&quot;,&quot;title&quot;:&quot;&quot;,&quot;orientation&quot;:&quot;1&quot;}\" data-image-title=\"Spiegel STAERK\" data-image-description=\"\" data-image-caption=\"\" data-large-file=\"https:\/\/i0.wp.com\/staerk-bikes.nl\/wp-content\/uploads\/2024\/02\/Spiegel-STAERK.jpg?fit=580%2C435&amp;ssl=1\" src=\"https:\/\/i0.wp.com\/staerk-bikes.nl\/wp-content\/uploads\/2024\/02\/Spiegel-STAERK.jpg?resize=580%2C435&#038;ssl=1\" alt=\"\" class=\"wp-image-1547 size-full\" srcset=\"https:\/\/i0.wp.com\/staerk-bikes.nl\/wp-content\/uploads\/2024\/02\/Spiegel-STAERK.jpg?resize=1024%2C768&amp;ssl=1 1024w, https:\/\/i0.wp.com\/staerk-bikes.nl\/wp-content\/uploads\/2024\/02\/Spiegel-STAERK.jpg?resize=300%2C225&amp;ssl=1 300w, https:\/\/i0.wp.com\/staerk-bikes.nl\/wp-content\/uploads\/2024\/02\/Spiegel-STAERK.jpg?resize=768%2C576&amp;ssl=1 768w, https:\/\/i0.wp.com\/staerk-bikes.nl\/wp-content\/uploads\/2024\/02\/Spiegel-STAERK.jpg?resize=1536%2C1152&amp;ssl=1 1536w, https:\/\/i0.wp.com\/staerk-bikes.nl\/wp-content\/uploads\/2024\/02\/Spiegel-STAERK.jpg?resize=16%2C12&amp;ssl=1 16w, https:\/\/i0.wp.com\/staerk-bikes.nl\/wp-content\/uploads\/2024\/02\/Spiegel-STAERK.jpg?resize=1200%2C900&amp;ssl=1 1200w, https:\/\/i0.wp.com\/staerk-bikes.nl\/wp-content\/uploads\/2024\/02\/Spiegel-STAERK.jpg?resize=800%2C600&amp;ssl=1 800w, https:\/\/i0.wp.com\/staerk-bikes.nl\/wp-content\/uploads\/2024\/02\/Spiegel-STAERK.jpg?resize=600%2C450&amp;ssl=1 600w, https:\/\/i0.wp.com\/staerk-bikes.nl\/wp-content\/uploads\/2024\/02\/Spiegel-STAERK.jpg?resize=400%2C300&amp;ssl=1 400w, https:\/\/i0.wp.com\/staerk-bikes.nl\/wp-content\/uploads\/2024\/02\/Spiegel-STAERK.jpg?resize=200%2C150&amp;ssl=1 200w, https:\/\/i0.wp.com\/staerk-bikes.nl\/wp-content\/uploads\/2024\/02\/Spiegel-STAERK.jpg?resize=1980%2C1485&amp;ssl=1 1980w, https:\/\/i0.wp.com\/staerk-bikes.nl\/wp-content\/uploads\/2024\/02\/Spiegel-STAERK.jpg?w=2000&amp;ssl=1 2000w, https:\/\/i0.wp.com\/staerk-bikes.nl\/wp-content\/uploads\/2024\/02\/Spiegel-STAERK.jpg?w=1740&amp;ssl=1 1740w\" sizes=\"auto, (max-width: 580px) 100vw, 580px\" \/><\/figure><div class=\"wp-block-media-text__content\">\n<h2 class=\"wp-block-heading has-text-align-left\" id=\"elektrisch\">Spiegel<\/h2>\n\n\n\n<p class=\"wp-block-paragraph\">Mehrpreis <em>\u20ac<\/em> 29,-<\/p>\n\n\n\n<p class=\"has-small-font-size wp-block-paragraph\">Ein Spiegel ist mehr als nur Bequemlichkeit. Es sorgt f\u00fcr eine bessere \u00dcbersicht und bietet somit ein gro\u00dfes Plus an Sicherheit. Der ST\u00c6RK-Spiegel mit Aluminiumklemme um den Lenker ist vollst\u00e4ndig verstellbar, kann links oder rechts montiert werden, verf\u00fcgt \u00fcber ein stabiles Geh\u00e4use, Metallbeine und ist dreh- und klappbar. Dadurch st\u00f6rt es weder beim Transport noch beim Abstellen des Tandems.<\/p>\n\n\n\n<p class=\"wp-block-paragraph\"><\/p>\n\n\n\n<p class=\"wp-block-paragraph\"><\/p>\n<\/div><\/div>\n\n\n\n<div class=\"wp-block-media-text alignwide is-stacked-on-mobile\"><figure class=\"wp-block-media-text__media\"><img data-recalc-dims=\"1\" loading=\"lazy\" decoding=\"async\" width=\"574\" height=\"525\" data-attachment-id=\"4618\" data-permalink=\"https:\/\/staerk-bikes.nl\/de\/accessoires\/koplamp-nelios-150\/\" data-orig-file=\"https:\/\/i0.wp.com\/staerk-bikes.nl\/wp-content\/uploads\/2026\/08\/koplamp-Nelios-150.jpg?fit=574%2C525&amp;ssl=1\" data-orig-size=\"574,525\" data-comments-opened=\"0\" data-image-meta=\"{&quot;aperture&quot;:&quot;0&quot;,&quot;credit&quot;:&quot;&quot;,&quot;camera&quot;:&quot;&quot;,&quot;caption&quot;:&quot;&quot;,&quot;created_timestamp&quot;:&quot;0&quot;,&quot;copyright&quot;:&quot;&quot;,&quot;focal_length&quot;:&quot;0&quot;,&quot;iso&quot;:&quot;0&quot;,&quot;shutter_speed&quot;:&quot;0&quot;,&quot;title&quot;:&quot;&quot;,&quot;orientation&quot;:&quot;1&quot;,&quot;alt&quot;:&quot;&quot;}\" data-image-title=\"koplamp Nelios 150\" data-image-description=\"\" data-image-caption=\"\" data-large-file=\"https:\/\/i0.wp.com\/staerk-bikes.nl\/wp-content\/uploads\/2026\/08\/koplamp-Nelios-150.jpg?fit=574%2C525&amp;ssl=1\" src=\"https:\/\/i0.wp.com\/staerk-bikes.nl\/wp-content\/uploads\/2026\/08\/koplamp-Nelios-150.jpg?resize=574%2C525&#038;ssl=1\" alt=\"\" class=\"wp-image-4618 size-full\" srcset=\"https:\/\/i0.wp.com\/staerk-bikes.nl\/wp-content\/uploads\/2026\/08\/koplamp-Nelios-150.jpg?w=574&amp;ssl=1 574w, https:\/\/i0.wp.com\/staerk-bikes.nl\/wp-content\/uploads\/2026\/08\/koplamp-Nelios-150.jpg?resize=300%2C274&amp;ssl=1 300w, https:\/\/i0.wp.com\/staerk-bikes.nl\/wp-content\/uploads\/2026\/08\/koplamp-Nelios-150.jpg?resize=13%2C12&amp;ssl=1 13w\" sizes=\"auto, (max-width: 574px) 100vw, 574px\" \/><\/figure><div class=\"wp-block-media-text__content\">\n<h2 class=\"wp-block-heading has-text-align-left\" id=\"elektrisch\">Koplamp met 150 groot licht schakelaar<\/h2>\n\n\n\n<p class=\"wp-block-paragraph\">Mehrpreis <em>\u20ac<\/em> 99,-<\/p>\n\n\n\n<p class=\"has-small-font-size wp-block-paragraph\">In donkere gebieden is extra licht soms handig. deze lamp geeft standaard al veel licht maar heeft ook nog eens een 150lux groot licht functie die u met een schakelaar (wanneer u geen tegenliggers heeft) aan kunt zetten. (kan op alle E varianten gemonteerd worden)<\/p>\n\n\n\n<p class=\"wp-block-paragraph\"><\/p>\n\n\n\n<p class=\"wp-block-paragraph\"><\/p>\n<\/div><\/div>\n\n\n\n<div class=\"wp-block-media-text alignwide is-stacked-on-mobile\"><figure class=\"wp-block-media-text__media\"><img data-recalc-dims=\"1\" loading=\"lazy\" decoding=\"async\" width=\"575\" height=\"575\" data-attachment-id=\"2844\" data-permalink=\"https:\/\/staerk-bikes.nl\/de\/accessoires\/spoiler-staerk\/\" data-orig-file=\"https:\/\/i0.wp.com\/staerk-bikes.nl\/wp-content\/uploads\/2025\/02\/spoiler-STAERK.jpg?fit=575%2C575&amp;ssl=1\" data-orig-size=\"575,575\" data-comments-opened=\"0\" data-image-meta=\"{&quot;aperture&quot;:&quot;0&quot;,&quot;credit&quot;:&quot;&quot;,&quot;camera&quot;:&quot;&quot;,&quot;caption&quot;:&quot;&quot;,&quot;created_timestamp&quot;:&quot;1740652257&quot;,&quot;copyright&quot;:&quot;&quot;,&quot;focal_length&quot;:&quot;0&quot;,&quot;iso&quot;:&quot;0&quot;,&quot;shutter_speed&quot;:&quot;0&quot;,&quot;title&quot;:&quot;&quot;,&quot;orientation&quot;:&quot;0&quot;}\" data-image-title=\"spoiler STAERK\" data-image-description=\"\" data-image-caption=\"\" data-large-file=\"https:\/\/i0.wp.com\/staerk-bikes.nl\/wp-content\/uploads\/2025\/02\/spoiler-STAERK.jpg?fit=575%2C575&amp;ssl=1\" src=\"https:\/\/i0.wp.com\/staerk-bikes.nl\/wp-content\/uploads\/2025\/02\/spoiler-STAERK.jpg?resize=575%2C575&#038;ssl=1\" alt=\"\" class=\"wp-image-2844 size-full\" srcset=\"https:\/\/i0.wp.com\/staerk-bikes.nl\/wp-content\/uploads\/2025\/02\/spoiler-STAERK.jpg?w=575&amp;ssl=1 575w, https:\/\/i0.wp.com\/staerk-bikes.nl\/wp-content\/uploads\/2025\/02\/spoiler-STAERK.jpg?resize=300%2C300&amp;ssl=1 300w, https:\/\/i0.wp.com\/staerk-bikes.nl\/wp-content\/uploads\/2025\/02\/spoiler-STAERK.jpg?resize=150%2C150&amp;ssl=1 150w, https:\/\/i0.wp.com\/staerk-bikes.nl\/wp-content\/uploads\/2025\/02\/spoiler-STAERK.jpg?resize=12%2C12&amp;ssl=1 12w\" sizes=\"auto, (max-width: 575px) 100vw, 575px\" \/><\/figure><div class=\"wp-block-media-text__content\">\n<h2 class=\"wp-block-heading has-text-align-left\" id=\"elektrisch\">Spoiler<\/h2>\n\n\n\n<p class=\"wp-block-paragraph\">Mehrpreis <em>\u20ac<\/em> 12,-<\/p>\n\n\n\n<p class=\"has-small-font-size wp-block-paragraph\">Bei N\u00e4sse kann es hilfreich sein, den vorderen Sch\u00fctsblech etwas zu verl\u00e4ngern, um Spritzwasser zu reduzieren. STAERK bietet hierf\u00fcr diesen Spoiler an.<\/p>\n\n\n\n<p class=\"wp-block-paragraph\"><\/p>\n\n\n\n<p class=\"wp-block-paragraph\"><\/p>\n<\/div><\/div>\n\n\n\n<div class=\"wp-block-group alignfull has-primary-background-color has-background\"><div class=\"wp-block-group__inner-container is-layout-flow wp-block-group-is-layout-flow\">\n<p class=\"has-text-align-center wp-block-paragraph\"><strong>\u00a9<\/strong> ST\u00c6RK 2025<\/p>\n\n\n\n<p class=\"has-text-align-center wp-block-paragraph\" style=\"font-size:14px\">Irrt\u00fcmer vorbehalten,es k\u00f6nnen keine Rechte oder Garantien f\u00fcr die Informationen auf der dieser Webseite abgeleitet werden. Ausstattung und Preise k\u00f6nnen auch ohne vorherige Ank\u00fcndigung ge\u00e4ndert werden. Aufgrund der Knappheit auf dem Teilemarkt kann es manchmal notwendig sein, auf alternative Bauteile auszuweichen oder es kann eine notwendige Preisanpassung erforderlich sein.<\/p>\n<\/div><\/div>","protected":false},"excerpt":{"rendered":"<p>Om de ervaring met uw ST\u00c6RK tandem te verrijken bieden wij de volgende producten aan. Snelspanner Meerprijs \u20ac12,50 per stuk Soms is het handig om de zadelpen eenvoudig wat hoger of lager te zetten, denk aan verschillende berijders of wanneer vanwege vervoer de zadelpennen of duo stuur gedemonteerd moeten worden. Standaard is uw ST\u00c6RK uitgevoerd [&hellip;]<\/p>\n","protected":false},"author":216779512,"featured_media":0,"parent":0,"menu_order":0,"comment_status":"closed","ping_status":"closed","template":"","meta":{"advanced_seo_description":"","jetpack_seo_html_title":"","jetpack_seo_noindex":false,"jetpack_seo_schema_type":"","_wpcom_ai_launchpad_about_page":false,"_wpcom_ai_launchpad_gallery_page":false,"_wpcom_ai_launchpad_contact_page":false,"_wpcom_ai_launchpad_events_page":false,"_wpcom_ai_launchpad_video_page":false,"_wpcom_ai_launchpad_portfolio_piece":false,"footnotes":""},"class_list":["post-239","page","type-page","status-publish","hentry"],"jetpack_likes_enabled":true,"jetpack_sharing_enabled":true,"jetpack_shortlink":"https:\/\/wp.me\/PdHngF-3R","jetpack-related-posts":[],"_links":{"self":[{"href":"https:\/\/staerk-bikes.nl\/de\/wp-json\/wp\/v2\/pages\/239","targetHints":{"allow":["GET"]}}],"collection":[{"href":"https:\/\/staerk-bikes.nl\/de\/wp-json\/wp\/v2\/pages"}],"about":[{"href":"https:\/\/staerk-bikes.nl\/de\/wp-json\/wp\/v2\/types\/page"}],"author":[{"embeddable":true,"href":"https:\/\/staerk-bikes.nl\/de\/wp-json\/wp\/v2\/users\/216779512"}],"replies":[{"embeddable":true,"href":"https:\/\/staerk-bikes.nl\/de\/wp-json\/wp\/v2\/comments?post=239"}],"version-history":[{"count":50,"href":"https:\/\/staerk-bikes.nl\/de\/wp-json\/wp\/v2\/pages\/239\/revisions"}],"predecessor-version":[{"id":4619,"href":"https:\/\/staerk-bikes.nl\/de\/wp-json\/wp\/v2\/pages\/239\/revisions\/4619"}],"wp:attachment":[{"href":"https:\/\/staerk-bikes.nl\/de\/wp-json\/wp\/v2\/media?parent=239"}],"curies":[{"name":"wp","href":"https:\/\/api.w.org\/{rel}","templated":true}]}}