{"id":338,"date":"2022-03-29T21:26:46","date_gmt":"2022-03-29T19:26:46","guid":{"rendered":"https:\/\/staerk-bikes.nl\/?page_id=338"},"modified":"2023-09-21T09:39:25","modified_gmt":"2023-09-21T07:39:25","slug":"unique-selling-points","status":"publish","type":"page","link":"https:\/\/staerk-bikes.nl\/en\/unique-selling-points\/","title":{"rendered":"About our Tandems"},"content":{"rendered":"<p class=\"has-text-align-left wp-block-paragraph\">Read about the Unique Selling Points of ST\u00c6RK tandems. <\/p>\n\n\n\n<div style=\"height:24px\" aria-hidden=\"true\" class=\"wp-block-spacer\"><\/div>\n\n\n\n<div class=\"wp-block-media-text alignwide is-stacked-on-mobile\"><figure class=\"wp-block-media-text__media\"><img data-recalc-dims=\"1\" loading=\"lazy\" decoding=\"async\" width=\"580\" height=\"435\" data-attachment-id=\"347\" data-permalink=\"https:\/\/staerk-bikes.nl\/en\/over-staerk\/staerk-tandem-d30-opgev-3-4\/\" data-orig-file=\"https:\/\/i0.wp.com\/staerk-bikes.nl\/wp-content\/uploads\/2022\/03\/staerk-tandem-d30-opgev-3-4-1.png?fit=1136%2C852&amp;ssl=1\" data-orig-size=\"1136,852\" data-comments-opened=\"0\" data-image-meta=\"{&quot;aperture&quot;:&quot;0&quot;,&quot;credit&quot;:&quot;&quot;,&quot;camera&quot;:&quot;&quot;,&quot;caption&quot;:&quot;&quot;,&quot;created_timestamp&quot;:&quot;0&quot;,&quot;copyright&quot;:&quot;&quot;,&quot;focal_length&quot;:&quot;0&quot;,&quot;iso&quot;:&quot;0&quot;,&quot;shutter_speed&quot;:&quot;0&quot;,&quot;title&quot;:&quot;&quot;,&quot;orientation&quot;:&quot;0&quot;}\" data-image-title=\"STAERK Tandem D30 opgev 3-4\" data-image-description=\"\" data-image-caption=\"\" data-large-file=\"https:\/\/i0.wp.com\/staerk-bikes.nl\/wp-content\/uploads\/2022\/03\/staerk-tandem-d30-opgev-3-4-1.png?fit=580%2C435&amp;ssl=1\" src=\"https:\/\/i0.wp.com\/staerk-bikes.nl\/wp-content\/uploads\/2022\/03\/staerk-tandem-d30-opgev-3-4-1.png?resize=580%2C435&#038;ssl=1\" alt=\"\" class=\"wp-image-347 size-full\"\/><\/figure><div class=\"wp-block-media-text__content\">\n<h2 class=\"wp-block-heading has-text-align-left\" id=\"elektrisch\">Foldable<\/h2>\n\n\n\n<p class=\"has-text-align-left wp-block-paragraph\" style=\"font-size:16px\">All ST\u00c6RK tandems are foldable, which comes with several advantages compared to regular tandems. A folded tandem takes up no more space than a regular bicycle, making parking much easier. It's also easy to transport on a bike rack. Both in its normal and folded position, the tandem stands firmly on the double stand. <\/p>\n\n\n\n<p class=\"wp-block-paragraph\" style=\"font-size:16px\">Both folding and unfolding a ST\u00c6RK tandem require only 3 steps. Our <a href=\"https:\/\/staerk-bikes.nl\/en\/handleidingen\/\">manual<\/a> explains how to do this.  <\/p>\n<\/div><\/div>\n\n\n\n<div class=\"wp-block-media-text alignwide is-stacked-on-mobile\"><figure class=\"wp-block-media-text__media\"><img data-recalc-dims=\"1\" loading=\"lazy\" decoding=\"async\" width=\"580\" height=\"435\" data-attachment-id=\"370\" data-permalink=\"https:\/\/staerk-bikes.nl\/en\/unique-selling-points\/staerk-tandem-d14-rohloff-2\/\" data-orig-file=\"https:\/\/i0.wp.com\/staerk-bikes.nl\/wp-content\/uploads\/2022\/03\/staerk-tandem-d14-rohloff-1.jpg?fit=3000%2C2250&amp;ssl=1\" data-orig-size=\"3000,2250\" data-comments-opened=\"0\" data-image-meta=\"{&quot;aperture&quot;:&quot;0&quot;,&quot;credit&quot;:&quot;&quot;,&quot;camera&quot;:&quot;&quot;,&quot;caption&quot;:&quot;&quot;,&quot;created_timestamp&quot;:&quot;0&quot;,&quot;copyright&quot;:&quot;&quot;,&quot;focal_length&quot;:&quot;0&quot;,&quot;iso&quot;:&quot;0&quot;,&quot;shutter_speed&quot;:&quot;0&quot;,&quot;title&quot;:&quot;&quot;,&quot;orientation&quot;:&quot;1&quot;}\" data-image-title=\"STAERK Tandem D14 Rohloff\" data-image-description=\"\" data-image-caption=\"\" data-large-file=\"https:\/\/i0.wp.com\/staerk-bikes.nl\/wp-content\/uploads\/2022\/03\/staerk-tandem-d14-rohloff-1.jpg?fit=580%2C435&amp;ssl=1\" src=\"https:\/\/i0.wp.com\/staerk-bikes.nl\/wp-content\/uploads\/2022\/03\/staerk-tandem-d14-rohloff-1.jpg?resize=580%2C435&#038;ssl=1\" alt=\"\" class=\"wp-image-370 size-full\"\/><\/figure><div class=\"wp-block-media-text__content\">\n<h2 class=\"wp-block-heading has-text-align-left\" id=\"elektrisch\">Special version of the Rohloff hub<\/h2>\n\n\n\n<p class=\"wp-block-paragraph\" style=\"font-size:16px\">The Rohloff gear hub is a low-maintenance 14-speed gear system. This \"Speedhub\" has been in existence since 1998 and has proven itself as a highly reliable gear system, especially among demanding cyclists. For most ST\u00c6RK models, a special and unique Rohloff hub with 48 spoke holes has been developed. This makes ST\u00c6RK wheels exceptionally strong. While many other tandem wheels struggle with the additional load, ST\u00c6RK provides not only the best hub but also the best wheel that won't give in to the extra weight. <\/p>\n<\/div><\/div>\n\n\n\n<div class=\"wp-block-media-text alignwide is-stacked-on-mobile\"><figure class=\"wp-block-media-text__media\"><img data-recalc-dims=\"1\" loading=\"lazy\" decoding=\"async\" width=\"580\" height=\"435\" data-attachment-id=\"378\" data-permalink=\"https:\/\/staerk-bikes.nl\/en\/unique-selling-points\/staerk-tandem-d14-versnelling-handgreep-2\/\" data-orig-file=\"https:\/\/i0.wp.com\/staerk-bikes.nl\/wp-content\/uploads\/2022\/03\/staerk-tandem-d14-versnelling-handgreep-1.jpg?fit=3000%2C2250&amp;ssl=1\" data-orig-size=\"3000,2250\" data-comments-opened=\"0\" data-image-meta=\"{&quot;aperture&quot;:&quot;0&quot;,&quot;credit&quot;:&quot;&quot;,&quot;camera&quot;:&quot;&quot;,&quot;caption&quot;:&quot;&quot;,&quot;created_timestamp&quot;:&quot;0&quot;,&quot;copyright&quot;:&quot;&quot;,&quot;focal_length&quot;:&quot;0&quot;,&quot;iso&quot;:&quot;0&quot;,&quot;shutter_speed&quot;:&quot;0&quot;,&quot;title&quot;:&quot;&quot;,&quot;orientation&quot;:&quot;1&quot;}\" data-image-title=\"STAERK Tandem D14 versnelling handgreep\" data-image-description=\"\" data-image-caption=\"\" data-large-file=\"https:\/\/i0.wp.com\/staerk-bikes.nl\/wp-content\/uploads\/2022\/03\/staerk-tandem-d14-versnelling-handgreep-1.jpg?fit=580%2C435&amp;ssl=1\" src=\"https:\/\/i0.wp.com\/staerk-bikes.nl\/wp-content\/uploads\/2022\/03\/staerk-tandem-d14-versnelling-handgreep-1.jpg?resize=580%2C435&#038;ssl=1\" alt=\"\" class=\"wp-image-378 size-full\"\/><\/figure><div class=\"wp-block-media-text__content\">\n<h2 class=\"wp-block-heading has-text-align-left\" id=\"elektrisch\">14 Gears<\/h2>\n\n\n\n<p class=\"has-text-align-left wp-block-paragraph\" style=\"font-size:16px\">The range of the 14 gears on ST\u00c6RK tandems is equivalent to a derailleur bike with 3 front chainrings and a 10-speed cassette in the rear. With the Rohloff gear hub, it's possible to tackle light uphill cycling with ease. <\/p>\n<\/div><\/div>\n\n\n\n<div class=\"wp-block-media-text alignwide is-stacked-on-mobile\"><figure class=\"wp-block-media-text__media\"><img data-recalc-dims=\"1\" loading=\"lazy\" decoding=\"async\" width=\"580\" height=\"435\" data-attachment-id=\"374\" data-permalink=\"https:\/\/staerk-bikes.nl\/en\/staerk-tandem-d30-stuur-2-1\/\" data-orig-file=\"https:\/\/i0.wp.com\/staerk-bikes.nl\/wp-content\/uploads\/2022\/03\/staerk-tandem-d30-stuur-2-1.jpg?fit=3000%2C2250&amp;ssl=1\" data-orig-size=\"3000,2250\" data-comments-opened=\"0\" data-image-meta=\"{&quot;aperture&quot;:&quot;0&quot;,&quot;credit&quot;:&quot;&quot;,&quot;camera&quot;:&quot;&quot;,&quot;caption&quot;:&quot;&quot;,&quot;created_timestamp&quot;:&quot;0&quot;,&quot;copyright&quot;:&quot;&quot;,&quot;focal_length&quot;:&quot;0&quot;,&quot;iso&quot;:&quot;0&quot;,&quot;shutter_speed&quot;:&quot;0&quot;,&quot;title&quot;:&quot;&quot;,&quot;orientation&quot;:&quot;1&quot;}\" data-image-title=\"staerk-tandem-d30-stuur-2-1\" data-image-description=\"\" data-image-caption=\"\" data-large-file=\"https:\/\/i0.wp.com\/staerk-bikes.nl\/wp-content\/uploads\/2022\/03\/staerk-tandem-d30-stuur-2-1.jpg?fit=580%2C435&amp;ssl=1\" src=\"https:\/\/i0.wp.com\/staerk-bikes.nl\/wp-content\/uploads\/2022\/03\/staerk-tandem-d30-stuur-2-1.jpg?resize=580%2C435&#038;ssl=1\" alt=\"\" class=\"wp-image-374 size-full\"\/><\/figure><div class=\"wp-block-media-text__content\">\n<h2 class=\"wp-block-heading has-text-align-left\" id=\"elektrisch\">Leather Grips<\/h2>\n\n\n\n<p class=\"has-text-align-left wp-block-paragraph\" style=\"font-size:16px\">De ST\u00c6RK tandems zijn uitgevoerd met leren handvatten. Naast een luxueuze uitstraling geeft dit extra comfort, minder zweethanden en een langere levensduur dan kunststof uitvoeringen. <\/p>\n\n\n\n<p class=\"has-text-align-left wp-block-paragraph\" style=\"font-size:16px\">ST\u00c6RK tandems can be delivered with multi-grip handlebars (as shown in the picture) or 'normal' handlebars. The advantage of multi-grip handlebars is that cyclists can adopt multiple hand positions while cycling without the need for adjustments. Especially during long rides, many users find this contributes to a more enjoyable cycling experience. <\/p>\n<\/div><\/div>\n\n\n\n<div class=\"wp-block-media-text alignwide is-stacked-on-mobile\"><figure class=\"wp-block-media-text__media\"><img data-recalc-dims=\"1\" loading=\"lazy\" decoding=\"async\" width=\"580\" height=\"504\" data-attachment-id=\"383\" data-permalink=\"https:\/\/staerk-bikes.nl\/en\/unique-selling-points\/staerk-tandem-d30-verstellen_cropped\/\" data-orig-file=\"https:\/\/i0.wp.com\/staerk-bikes.nl\/wp-content\/uploads\/2022\/03\/staerk-tandem-d30-verstellen_cropped.jpg?fit=2248%2C1952&amp;ssl=1\" data-orig-size=\"2248,1952\" data-comments-opened=\"0\" data-image-meta=\"{&quot;aperture&quot;:&quot;0&quot;,&quot;credit&quot;:&quot;&quot;,&quot;camera&quot;:&quot;&quot;,&quot;caption&quot;:&quot;&quot;,&quot;created_timestamp&quot;:&quot;0&quot;,&quot;copyright&quot;:&quot;&quot;,&quot;focal_length&quot;:&quot;0&quot;,&quot;iso&quot;:&quot;0&quot;,&quot;shutter_speed&quot;:&quot;0&quot;,&quot;title&quot;:&quot;&quot;,&quot;orientation&quot;:&quot;1&quot;}\" data-image-title=\"STAERK Tandem D30 verstellen_cropped\" data-image-description=\"\" data-image-caption=\"\" data-large-file=\"https:\/\/i0.wp.com\/staerk-bikes.nl\/wp-content\/uploads\/2022\/03\/staerk-tandem-d30-verstellen_cropped.jpg?fit=580%2C504&amp;ssl=1\" src=\"https:\/\/i0.wp.com\/staerk-bikes.nl\/wp-content\/uploads\/2022\/03\/staerk-tandem-d30-verstellen_cropped.jpg?resize=580%2C504&#038;ssl=1\" alt=\"\" class=\"wp-image-383 size-full\"\/><\/figure><div class=\"wp-block-media-text__content\">\n<h2 class=\"wp-block-heading has-text-align-left\" id=\"elektrisch\">Adjustable Posts<\/h2>\n\n\n\n<p class=\"has-text-align-left wp-block-paragraph\" style=\"font-size:16px\">In ST\u00c6RK tandems, the seat posts and handlebar stems for the \"stoker\" (the person at the rear of the tandem) are equipped with extra tubes. This ensures that the adjustability is significantly greater, allowing for well-fitting dimensions for every user. <\/p>\n<\/div><\/div>\n\n\n\n<div class=\"wp-block-media-text alignwide is-stacked-on-mobile\"><figure class=\"wp-block-media-text__media\"><img data-recalc-dims=\"1\" loading=\"lazy\" decoding=\"async\" width=\"580\" height=\"435\" data-attachment-id=\"385\" data-permalink=\"https:\/\/staerk-bikes.nl\/en\/unique-selling-points\/staerk-tandem-d30-kettingkast-2\/\" data-orig-file=\"https:\/\/i0.wp.com\/staerk-bikes.nl\/wp-content\/uploads\/2022\/03\/staerk-tandem-d30-kettingkast-1.jpg?fit=3000%2C2250&amp;ssl=1\" data-orig-size=\"3000,2250\" data-comments-opened=\"0\" data-image-meta=\"{&quot;aperture&quot;:&quot;0&quot;,&quot;credit&quot;:&quot;&quot;,&quot;camera&quot;:&quot;&quot;,&quot;caption&quot;:&quot;&quot;,&quot;created_timestamp&quot;:&quot;0&quot;,&quot;copyright&quot;:&quot;&quot;,&quot;focal_length&quot;:&quot;0&quot;,&quot;iso&quot;:&quot;0&quot;,&quot;shutter_speed&quot;:&quot;0&quot;,&quot;title&quot;:&quot;&quot;,&quot;orientation&quot;:&quot;1&quot;}\" data-image-title=\"STAERK Tandem D30 kettingkast\" data-image-description=\"\" data-image-caption=\"\" data-large-file=\"https:\/\/i0.wp.com\/staerk-bikes.nl\/wp-content\/uploads\/2022\/03\/staerk-tandem-d30-kettingkast-1.jpg?fit=580%2C435&amp;ssl=1\" src=\"https:\/\/i0.wp.com\/staerk-bikes.nl\/wp-content\/uploads\/2022\/03\/staerk-tandem-d30-kettingkast-1.jpg?resize=580%2C435&#038;ssl=1\" alt=\"\" class=\"wp-image-385 size-full\"\/><\/figure><div class=\"wp-block-media-text__content\">\n<h2 class=\"wp-block-heading has-text-align-left\" id=\"elektrisch\">Durable Chain Guards<\/h2>\n\n\n\n<p class=\"wp-block-paragraph\" style=\"font-size:16px\">De Aluminium kettingkasten zijn door ST\u00c6RK zelf ontworpen en zijn behalve licht van gewicht ook sterk. Door aluminium te gebruiken zal de kast niet snel stuk gaan, in tegenstelling tot kunststof. In een extreem geval zou de kast kunnen verbuigen door een ongeval. Het scheuren of breken is vrijwel onmogelijk om te gebeuren.<\/p>\n<\/div><\/div>\n\n\n\n<h2 class=\"wp-block-heading has-text-align-center\">About the Bosch models of ST\u00c6RK<\/h2>\n\n\n\n<div class=\"wp-block-media-text alignwide is-stacked-on-mobile\"><figure class=\"wp-block-media-text__media\"><img data-recalc-dims=\"1\" loading=\"lazy\" decoding=\"async\" width=\"580\" height=\"435\" data-attachment-id=\"196\" data-permalink=\"https:\/\/staerk-bikes.nl\/en\/traditionele-tandems\/staerk-tandem-d14-bosch-motor\/\" data-orig-file=\"https:\/\/i0.wp.com\/staerk-bikes.nl\/wp-content\/uploads\/2022\/03\/staerk-tandem-d14-bosch-motor.jpg?fit=3000%2C2250&amp;ssl=1\" data-orig-size=\"3000,2250\" data-comments-opened=\"0\" data-image-meta=\"{&quot;aperture&quot;:&quot;0&quot;,&quot;credit&quot;:&quot;&quot;,&quot;camera&quot;:&quot;&quot;,&quot;caption&quot;:&quot;&quot;,&quot;created_timestamp&quot;:&quot;0&quot;,&quot;copyright&quot;:&quot;&quot;,&quot;focal_length&quot;:&quot;0&quot;,&quot;iso&quot;:&quot;0&quot;,&quot;shutter_speed&quot;:&quot;0&quot;,&quot;title&quot;:&quot;&quot;,&quot;orientation&quot;:&quot;1&quot;}\" data-image-title=\"STAERK Tandem D14 Bosch motor\" data-image-description=\"\" data-image-caption=\"\" data-large-file=\"https:\/\/i0.wp.com\/staerk-bikes.nl\/wp-content\/uploads\/2022\/03\/staerk-tandem-d14-bosch-motor.jpg?fit=580%2C435&amp;ssl=1\" src=\"https:\/\/i0.wp.com\/staerk-bikes.nl\/wp-content\/uploads\/2022\/03\/staerk-tandem-d14-bosch-motor.jpg?resize=580%2C435&#038;ssl=1\" alt=\"\" class=\"wp-image-196 size-full\"\/><\/figure><div class=\"wp-block-media-text__content\">\n<h2 class=\"wp-block-heading has-text-align-left\" id=\"elektrisch\">Bosch Performance Line<\/h2>\n\n\n\n<p class=\"wp-block-paragraph\" style=\"font-size:16px\">With the electric mid-motor, ST\u00c6RK has opted for Bosch's power source, known as the Performance Line. This motor provides an additional torque of 65Nm. This support can be adjusted to your preference and feels very natural. Cycling will feel as if there's three people on the tandem. The assistance continues up to a speed of 25 km\/h.<\/p>\n<\/div><\/div>\n\n\n\n<div class=\"wp-block-media-text alignwide is-stacked-on-mobile\"><figure class=\"wp-block-media-text__media\"><img data-recalc-dims=\"1\" loading=\"lazy\" decoding=\"async\" width=\"580\" height=\"435\" data-attachment-id=\"195\" data-permalink=\"https:\/\/staerk-bikes.nl\/en\/traditionele-tandems\/staerk-tandem-d14-bosch-accu\/\" data-orig-file=\"https:\/\/i0.wp.com\/staerk-bikes.nl\/wp-content\/uploads\/2022\/03\/staerk-tandem-d14-bosch-accu.jpg?fit=3000%2C2250&amp;ssl=1\" data-orig-size=\"3000,2250\" data-comments-opened=\"0\" data-image-meta=\"{&quot;aperture&quot;:&quot;0&quot;,&quot;credit&quot;:&quot;&quot;,&quot;camera&quot;:&quot;&quot;,&quot;caption&quot;:&quot;&quot;,&quot;created_timestamp&quot;:&quot;0&quot;,&quot;copyright&quot;:&quot;&quot;,&quot;focal_length&quot;:&quot;0&quot;,&quot;iso&quot;:&quot;0&quot;,&quot;shutter_speed&quot;:&quot;0&quot;,&quot;title&quot;:&quot;&quot;,&quot;orientation&quot;:&quot;1&quot;}\" data-image-title=\"STAERK Tandem D14 Bosch Accu\" data-image-description=\"\" data-image-caption=\"\" data-large-file=\"https:\/\/i0.wp.com\/staerk-bikes.nl\/wp-content\/uploads\/2022\/03\/staerk-tandem-d14-bosch-accu.jpg?fit=580%2C435&amp;ssl=1\" src=\"https:\/\/i0.wp.com\/staerk-bikes.nl\/wp-content\/uploads\/2022\/03\/staerk-tandem-d14-bosch-accu.jpg?resize=580%2C435&#038;ssl=1\" alt=\"\" class=\"wp-image-195 size-full\"\/><\/figure><div class=\"wp-block-media-text__content\">\n<h2 class=\"wp-block-heading has-text-align-left\" id=\"elektrisch\">Battery<\/h2>\n\n\n\n<p class=\"wp-block-paragraph\" style=\"font-size:16px\">The battery is placed between the lower tubes of the tandem, ensuring the center of gravity remains as low as possible, enhancing balance while riding. The battery is mounted at a slight angle, making it easy to remove and reinstall. A 500Wh battery is included as standard. The range you can achieve with this battery depends on various factors, including the level of assistance, the extent to which both riders pedal, the terrain, the amount of elevation gain, and weather conditions (wind\/cold). As a rule of thumb, a full battery can provide a range of 40 to 100 km.<\/p>\n<\/div><\/div>\n\n\n\n<div class=\"wp-block-media-text alignwide is-stacked-on-mobile\"><figure class=\"wp-block-media-text__media\"><img data-recalc-dims=\"1\" loading=\"lazy\" decoding=\"async\" width=\"580\" height=\"435\" data-attachment-id=\"390\" data-permalink=\"https:\/\/staerk-bikes.nl\/en\/unique-selling-points\/bosch-display\/\" data-orig-file=\"https:\/\/i0.wp.com\/staerk-bikes.nl\/wp-content\/uploads\/2022\/03\/bosch-display.jpg?fit=1120%2C840&amp;ssl=1\" data-orig-size=\"1120,840\" data-comments-opened=\"0\" data-image-meta=\"{&quot;aperture&quot;:&quot;0&quot;,&quot;credit&quot;:&quot;&quot;,&quot;camera&quot;:&quot;&quot;,&quot;caption&quot;:&quot;&quot;,&quot;created_timestamp&quot;:&quot;0&quot;,&quot;copyright&quot;:&quot;&quot;,&quot;focal_length&quot;:&quot;0&quot;,&quot;iso&quot;:&quot;0&quot;,&quot;shutter_speed&quot;:&quot;0&quot;,&quot;title&quot;:&quot;&quot;,&quot;orientation&quot;:&quot;0&quot;}\" data-image-title=\"bosch display\" data-image-description=\"\" data-image-caption=\"\" data-large-file=\"https:\/\/i0.wp.com\/staerk-bikes.nl\/wp-content\/uploads\/2022\/03\/bosch-display.jpg?fit=580%2C435&amp;ssl=1\" src=\"https:\/\/i0.wp.com\/staerk-bikes.nl\/wp-content\/uploads\/2022\/03\/bosch-display.jpg?resize=580%2C435&#038;ssl=1\" alt=\"\" class=\"wp-image-390 size-full\"\/><\/figure><div class=\"wp-block-media-text__content\">\n<h2 class=\"wp-block-heading has-text-align-left\" id=\"elektrisch\">Display<\/h2>\n\n\n\n<p class=\"wp-block-paragraph\" style=\"font-size:16px\">ST\u00c6RK's Bosch tandems come with an Intuvia bicycle computer. This display is easily readable in all lighting conditions and can be operated intuitively while cycling, without the need to take your hands off the handlebars. <\/p>\n\n\n\n<p class=\"wp-block-paragraph\" style=\"font-size:16px\">At the bottom of the Bosch display, there is a range indicator as an indication of how far you can still cycle. It's important to note that this range is calibrated for a regular bike and may vary for a tandem. <\/p>\n<\/div><\/div>\n\n\n\n<div class=\"wp-block-media-text alignwide is-stacked-on-mobile\"><figure class=\"wp-block-media-text__media\"><img data-recalc-dims=\"1\" loading=\"lazy\" decoding=\"async\" width=\"580\" height=\"350\" data-attachment-id=\"393\" data-permalink=\"https:\/\/staerk-bikes.nl\/en\/unique-selling-points\/staerk-tandem-r14-1_cropped\/\" data-orig-file=\"https:\/\/i0.wp.com\/staerk-bikes.nl\/wp-content\/uploads\/2022\/03\/staerk-tandem-r14-1_cropped.jpg?fit=1208%2C728&amp;ssl=1\" data-orig-size=\"1208,728\" data-comments-opened=\"0\" data-image-meta=\"{&quot;aperture&quot;:&quot;0&quot;,&quot;credit&quot;:&quot;&quot;,&quot;camera&quot;:&quot;&quot;,&quot;caption&quot;:&quot;&quot;,&quot;created_timestamp&quot;:&quot;0&quot;,&quot;copyright&quot;:&quot;&quot;,&quot;focal_length&quot;:&quot;0&quot;,&quot;iso&quot;:&quot;0&quot;,&quot;shutter_speed&quot;:&quot;0&quot;,&quot;title&quot;:&quot;&quot;,&quot;orientation&quot;:&quot;1&quot;}\" data-image-title=\"STAERK Tandem R14 1_cropped\" data-image-description=\"\" data-image-caption=\"\" data-large-file=\"https:\/\/i0.wp.com\/staerk-bikes.nl\/wp-content\/uploads\/2022\/03\/staerk-tandem-r14-1_cropped.jpg?fit=580%2C350&amp;ssl=1\" src=\"https:\/\/i0.wp.com\/staerk-bikes.nl\/wp-content\/uploads\/2022\/03\/staerk-tandem-r14-1_cropped.jpg?resize=580%2C350&#038;ssl=1\" alt=\"\" class=\"wp-image-393 size-full\"\/><\/figure><div class=\"wp-block-media-text__content\">\n<h2 class=\"wp-block-heading has-text-align-left\" id=\"elektrisch\">Chain Tensioner<\/h2>\n\n\n\n<p class=\"wp-block-paragraph\" style=\"font-size:16px\">In the Bosch variant, a chain tensioner has been chosen to tension the front part. This makes this component low-maintenance. During use, a chain tends to elongate, and this tensioner automatically takes up the extra length.<\/p>\n<\/div><\/div>\n\n\n\n<div class=\"wp-block-group alignfull has-primary-background-color has-background\"><div class=\"wp-block-group__inner-container is-layout-flow wp-block-group-is-layout-flow\">\n<p class=\"has-text-align-center wp-block-paragraph\"><strong>\u00a9<\/strong> ST\u00c6RK 2022<\/p>\n\n\n\n<p class=\"has-text-align-center wp-block-paragraph\" style=\"font-size:14px\">Subject to errors, no rights or guarantees can be attained from the information on this site. Specifications and prices may be adjusted without prior notice. Due to the scarcity of parts in the market there may be instances where different parts need to be used or sudden price changes may occur.<\/p>\n<\/div><\/div>","protected":false},"excerpt":{"rendered":"<p>Lees hier meer over de Unique Selling Points van de ST\u00c6RK tandems. Vouwbaar Alle ST\u00c6RK tandems zijn vouwbaar. Dit brengt meerdere voordelen met zich mee ten opzichte van normale tandems. Zo neemt een opgevouwen tandem niet meer plaats in dan een normale fiets, waardoor parkeren een stuk eenvoudiger is. Ook is de fiets eenvoudig te [&hellip;]<\/p>\n","protected":false},"author":216779512,"featured_media":0,"parent":0,"menu_order":0,"comment_status":"closed","ping_status":"closed","template":"","meta":{"advanced_seo_description":"","jetpack_seo_html_title":"","jetpack_seo_noindex":false,"jetpack_seo_schema_type":"","_wpcom_ai_launchpad_about_page":false,"_wpcom_ai_launchpad_gallery_page":false,"_wpcom_ai_launchpad_contact_page":false,"_wpcom_ai_launchpad_events_page":false,"_wpcom_ai_launchpad_video_page":false,"_wpcom_ai_launchpad_portfolio_piece":false,"footnotes":""},"class_list":["post-338","page","type-page","status-publish","hentry"],"jetpack_likes_enabled":true,"jetpack_sharing_enabled":true,"jetpack_shortlink":"https:\/\/wp.me\/PdHngF-5s","jetpack-related-posts":[],"_links":{"self":[{"href":"https:\/\/staerk-bikes.nl\/en\/wp-json\/wp\/v2\/pages\/338","targetHints":{"allow":["GET"]}}],"collection":[{"href":"https:\/\/staerk-bikes.nl\/en\/wp-json\/wp\/v2\/pages"}],"about":[{"href":"https:\/\/staerk-bikes.nl\/en\/wp-json\/wp\/v2\/types\/page"}],"author":[{"embeddable":true,"href":"https:\/\/staerk-bikes.nl\/en\/wp-json\/wp\/v2\/users\/216779512"}],"replies":[{"embeddable":true,"href":"https:\/\/staerk-bikes.nl\/en\/wp-json\/wp\/v2\/comments?post=338"}],"version-history":[{"count":26,"href":"https:\/\/staerk-bikes.nl\/en\/wp-json\/wp\/v2\/pages\/338\/revisions"}],"predecessor-version":[{"id":1135,"href":"https:\/\/staerk-bikes.nl\/en\/wp-json\/wp\/v2\/pages\/338\/revisions\/1135"}],"wp:attachment":[{"href":"https:\/\/staerk-bikes.nl\/en\/wp-json\/wp\/v2\/media?parent=338"}],"curies":[{"name":"wp","href":"https:\/\/api.w.org\/{rel}","templated":true}]}}